{"id":10010,"date":"2018-04-05T12:15:57","date_gmt":"2018-04-05T18:15:57","guid":{"rendered":"http:\/\/nuevoportal.inces.gob.ve\/?page_id=10010"},"modified":"2020-05-28T20:19:44","modified_gmt":"2020-05-29T00:19:44","slug":"plan-de-formacion-y-autoformacion-de-trabajadoras-y-trabajadores","status":"publish","type":"page","link":"https:\/\/inces.gob.ve\/index.php\/plan-de-formacion-y-autoformacion-de-trabajadoras-y-trabajadores\/","title":{"rendered":"Plan de Formaci\u00f3n y autoformaci\u00f3n de trabajadoras y trabajadores"},"content":{"rendered":"<div id=\"pl-gb10010-69f0db0c13a08\"  class=\"panel-layout\" ><div id=\"pg-gb10010-69f0db0c13a08-0\"  class=\"panel-grid panel-no-style\" ><div id=\"pgc-gb10010-69f0db0c13a08-0-0\"  class=\"panel-grid-cell\" ><div id=\"panel-gb10010-69f0db0c13a08-0-0-0\" class=\"widget_text so-panel widget widget_custom_html panel-first-child panel-last-child\" data-index=\"0\" ><div class=\"textwidget custom-html-widget\"><div class=\"contenedor-menuver\">\n<!--a class=\"btn-menuver\" href=\"#\">Menu <i class=\"icono derecha fas fa-bars\"><\/i><\/a-->\n<ul class=\"menuver\">\n \t<li><i class=\"icono izquierda fas fa-chevron-down\"><\/i><a href=\"\">Programas<\/a>\n\t<ul>\n \t<li><a href=\"http:\/\/www.inces.gob.ve\/index.php\/programa-nacional-de-aprendizaje\/\" target=\"_blank\">Programa Nacional de Aprendizaje<\/a><\/li>\n \t<li><a href=\"http:\/\/www.inces.gob.ve\/index.php\/certificacion-del-conocimiento-2\/\" target=\"_blank\">Certificaci\u00f3n y Acreditaci\u00f3n del Conocimiento<\/a><\/li>\n \t<li><a href=\"http:\/\/www.inces.gob.ve\/index.php\/adiestramiento-en-empresas-2\/\" target=\"_blank\">Adiestramiento en Empresas<\/a><\/li>\n<li><a href=\"http:\/\/www.inces.gob.ve\/index.php\/formacion-delegada\/\" target=\"_blank\">Formaci\u00f3n Delegada<\/a><\/li>\n<li><a href=\"http:\/\/www.inces.gob.ve\/index.php\/programa-nacional-de-emprendimiento\/\" target=\"_blank\"> Programa Nacional de Emprendimiento<\/a><\/li>\n<li><a href=\"http:\/\/www.inces.gob.ve\/index.php\/formacion-de-formadores\/\" target=\"_blank\">Formaci\u00f3n de Formadores<\/a><\/li>\n<li><a href=\"http:\/\/www.inces.gob.ve\/index.php\/programa-inces-militar\/\" target=\"_blank\">Inces Militar<\/a><\/li>\n<li><a href=\"http:\/\/www.inces.gob.ve\/index.php\/bachillerato-productivo\/\" target=\"_blank\">Bachillerato Productivo<\/a><\/li>\n<li><a href=\"http:\/\/www.inces.gob.ve\/index.php\/plan-de-formacion-y-autoformacion-de-trabajadoras-y-trabajadores\/\" target=\"_blank\">Plan Trabajadores<\/a><\/li>\n<li><a href=\"http:\/\/www.inces.gob.ve\/index.php\/programa-de-educacion-especial\/\" target=\"_blank\">Educaci\u00f3n Especial<\/a><\/li>\n<li><a href=\"http:\/\/www.inces.gob.ve\/index.php\/programa-penitenciario\/\" target=\"_blank\">Penitenciario<\/a><\/li>\n<li><a href=\"http:\/\/www.inces.gob.ve\/index.php\/programa-intercultural-bilingue\/\" target=\"_blank\">Intercultural Biling\u00fce<\/a><\/li>\n<li><a href=\"http:\/\/www.inces.gob.ve\/index.php\/formacion-productiva\/\" target=\"_blank\">Formaci\u00f3n Productiva<\/a><\/li>\n<\/ul>\n\t<\/li>\n \t<li><a href=\"http:\/\/www.inces.gob.ve\/index.php\/modalidades\/\">Modalidades<\/a><\/li>\n\t<li><a href=\"http:\/\/www.inces.gob.ve\/index.php\/ambitos\/\">\u00c1mbitos<\/a><\/li>\n<li><a href=\"http:\/\/www.inces.gob.ve\/index.php\/proyectos-especiales\/\">Proyectos Especiales<\/a><\/li>\n <\/ul>\n<\/div><\/div><\/div><\/div><div id=\"pgc-gb10010-69f0db0c13a08-0-1\"  class=\"panel-grid-cell\" ><div id=\"panel-gb10010-69f0db0c13a08-0-1-0\" class=\"so-panel widget widget_media_image panel-first-child\" data-index=\"1\" ><img loading=\"lazy\" decoding=\"async\" width=\"800\" height=\"400\" src=\"https:\/\/inces.gob.ve\/wp-content\/uploads\/2018\/04\/banner_formacion_productiva.png\" class=\"image wp-image-11489  attachment-full size-full\" alt=\"\" style=\"max-width: 100%; height: auto;\" srcset=\"https:\/\/inces.gob.ve\/wp-content\/uploads\/2018\/04\/banner_formacion_productiva.png 800w, https:\/\/inces.gob.ve\/wp-content\/uploads\/2018\/04\/banner_formacion_productiva-300x150.png 300w, https:\/\/inces.gob.ve\/wp-content\/uploads\/2018\/04\/banner_formacion_productiva-768x384.png 768w\" sizes=\"auto, (max-width: 800px) 100vw, 800px\" \/><\/div><div id=\"panel-gb10010-69f0db0c13a08-0-1-1\" class=\"widget_text so-panel widget widget_custom_html panel-last-child\" data-index=\"2\" ><div class=\"textwidget custom-html-widget\">\n<p style=\"text-align: justify;\">Tiene como objetivo dise\u00f1ar y elaborar un Plan de Formaci\u00f3n Autoformaci\u00f3n Productiva que permita a todos los sujetos beneficiarios, y con base a las necesidades reales de las plantas, f\u00e1bricas y en las Entidades de Trabajo, Centro de Formaci\u00f3n Socialista y Comunidad a abordar, de manera sistem\u00e1tica y programada, la formaci\u00f3n de los j\u00f3venes y\/o trabajadores, reconociendo las l\u00edneas de desarrollo estrat\u00e9gico, la capacidad instalada y la demanda formativa.<\/p>\n\n<ul id=\"toggle-view\">\n\t<li>\n\t\t<h3>\u00bfQu\u00e9 es el Desagregado Trimestral?<\/h3>\n\t\t<span>+<\/span>\n\t\t<div class=\"panel\">\n\t\t\t<p style=\"text-align: justify;\">Es la planificaci\u00f3n trimestral que debe realizar la Entidad de Trabajo que haya presentado el Plan y Programa de Formaci\u00f3n y Autoformaci\u00f3n Colectiva, para notificar al INCES Regional correspondiente, los requerimientos y necesidades de formaci\u00f3n de sus trabajadores y trabajadoras.<\/p>\n\t\t<\/div>\n\t<\/li>\n\t<li>\n\t\t<h3>Lapso de presentaci\u00f3n del Desagregado Trimestral<\/h3>\n\t\t<span>+<\/span>\n\t\t<div class=\"panel\">\n\t\t\t<p style=\"text-align: justify;\">Las Entidades de Trabajo deben consignar el Desagregado Trimestral correspondiente al desarrollo del Plan y Programa de Formaci\u00f3n y autoformaci\u00f3n colectiva, integral, continua, permanente y los Datos de los Participantes, de la manera siguiente:<br \/>Para el Primer Trimestre del a\u00f1o consignar\u00e1 el Desagregado hasta el 30 de noviembre del a\u00f1o anterior a su ejecuci\u00f3n.<br \/>Para los trimestres sucesivos, deber\u00e1n consignar dentro de los quince (15) d\u00edas h\u00e1biles antes del inicio del trimestre a ejecutar.<\/p>\n\t\t<\/div>\n\t<\/li>\n\t<li>\n\t\t<h3>\u00bfQuienes estan obligados a presentar el plan de formaci\u00f3n y autoformaci\u00f3n colectiva?<\/h3>\n\t\t<span>+<\/span>\n\t\t<div class=\"panel\">\n\t\t\t<p style=\"text-align: justify;\">Todas las Entidades de Trabajo.<\/p>\n\t\t<\/div>\n\t<\/li>\n\t<li>\n\t\t<h3>Lapso de presentaci\u00f3n del plan y programa de formaci\u00f3n y autoformaci\u00f3n colectiva<\/h3>\n\t\t<span>+<\/span>\n\t\t<div class=\"panel\">\n\t\t\t<p style=\"text-align: justify;\">Ser\u00e1n presentados por las Entidades de Trabajo antes del 30 de junio del a\u00f1o anterior a su ejecuci\u00f3n en la Unidad Regional de Formaci\u00f3n Profesional del INCES, de acuerdo a donde posea su domicilio fiscal.<\/p>\n\t\t<\/div>\n\t<\/li>\n\t<li>\n\t\t<h3>Aprobaci\u00f3n del plan y programa de formaci\u00f3n y autoformaci\u00f3n colectiva<\/h3>\n\t\t<span>+<\/span>\n\t\t<div class=\"panel\">\n\t\t\t<p style=\"text-align: justify;\">El INCES deber\u00e1 notificar oportunamente la aprobaci\u00f3n de los Planes y programas de formaci\u00f3n y auto-formaci\u00f3n colectiva, integral, continua y permanente, de las Entidades de Trabajo, seg\u00fan lo establecido en el Decreto con Rango, Valor y Fuerza de Ley del INCES, de no recibir informaci\u00f3n por parte del INCES antes del 1 de enero, se asumir\u00e1 que el Plan ha sido evaluado favorablemente y la Entidad de Trabajo podr\u00e1 dar inicio a la formaci\u00f3n prevista.<\/p>\n\t\t<\/div>\n\t<\/li>\n<\/ul>\n\n<p style=\"text-align: center;\"><a href=\"http:\/\/hacer.inces.gob.ve\/Account\/Principal\" target=\"_blank\" rel=\"noopener\"><span style=\"font-size: 24pt; text-align: center; color: #006d80;\">\u00a1Conoce m\u00e1s de este programa aqu\u00ed!<\/span><\/a><\/p>\n<p> <\/p><\/div><\/div><\/div><\/div><\/div>","protected":false},"excerpt":{"rendered":"","protected":false},"author":1,"featured_media":0,"parent":0,"menu_order":0,"comment_status":"closed","ping_status":"closed","template":"","meta":{"footnotes":""},"class_list":["post-10010","page","type-page","status-publish","hentry"],"_links":{"self":[{"href":"https:\/\/inces.gob.ve\/index.php\/wp-json\/wp\/v2\/pages\/10010","targetHints":{"allow":["GET"]}}],"collection":[{"href":"https:\/\/inces.gob.ve\/index.php\/wp-json\/wp\/v2\/pages"}],"about":[{"href":"https:\/\/inces.gob.ve\/index.php\/wp-json\/wp\/v2\/types\/page"}],"author":[{"embeddable":true,"href":"https:\/\/inces.gob.ve\/index.php\/wp-json\/wp\/v2\/users\/1"}],"replies":[{"embeddable":true,"href":"https:\/\/inces.gob.ve\/index.php\/wp-json\/wp\/v2\/comments?post=10010"}],"version-history":[{"count":30,"href":"https:\/\/inces.gob.ve\/index.php\/wp-json\/wp\/v2\/pages\/10010\/revisions"}],"predecessor-version":[{"id":28360,"href":"https:\/\/inces.gob.ve\/index.php\/wp-json\/wp\/v2\/pages\/10010\/revisions\/28360"}],"wp:attachment":[{"href":"https:\/\/inces.gob.ve\/index.php\/wp-json\/wp\/v2\/media?parent=10010"}],"curies":[{"name":"wp","href":"https:\/\/api.w.org\/{rel}","templated":true}]}}