{"id":10026,"date":"2018-04-05T12:30:40","date_gmt":"2018-04-05T18:30:40","guid":{"rendered":"http:\/\/nuevoportal.inces.gob.ve\/?page_id=10026"},"modified":"2020-05-28T20:19:45","modified_gmt":"2020-05-29T00:19:45","slug":"programa-de-educacion-especial","status":"publish","type":"page","link":"https:\/\/inces.gob.ve\/index.php\/programa-de-educacion-especial\/","title":{"rendered":"Programa de Educaci\u00f3n Especial"},"content":{"rendered":"<div id=\"pl-gb10026-69f0eede6b751\"  class=\"panel-layout\" ><div id=\"pg-gb10026-69f0eede6b751-0\"  class=\"panel-grid panel-no-style\" ><div id=\"pgc-gb10026-69f0eede6b751-0-0\"  class=\"panel-grid-cell\" ><div id=\"panel-gb10026-69f0eede6b751-0-0-0\" class=\"so-panel widget widget_media_image panel-first-child panel-last-child\" data-index=\"0\" ><img loading=\"lazy\" decoding=\"async\" width=\"1170\" height=\"91\" src=\"https:\/\/inces.gob.ve\/wp-content\/uploads\/2018\/04\/titulos_edu_especial.png\" class=\"image wp-image-11114  attachment-full size-full\" alt=\"\" style=\"max-width: 100%; height: auto;\" srcset=\"https:\/\/inces.gob.ve\/wp-content\/uploads\/2018\/04\/titulos_edu_especial.png 1170w, https:\/\/inces.gob.ve\/wp-content\/uploads\/2018\/04\/titulos_edu_especial-300x23.png 300w, https:\/\/inces.gob.ve\/wp-content\/uploads\/2018\/04\/titulos_edu_especial-768x60.png 768w, https:\/\/inces.gob.ve\/wp-content\/uploads\/2018\/04\/titulos_edu_especial-1024x80.png 1024w\" sizes=\"auto, (max-width: 1170px) 100vw, 1170px\" \/><\/div><\/div><\/div><\/div>\n\n<div id=\"pl-gb10026-69f0eede6c91c\"  class=\"panel-layout\" ><div id=\"pg-gb10026-69f0eede6c91c-0\"  class=\"panel-grid panel-no-style\" ><div id=\"pgc-gb10026-69f0eede6c91c-0-0\"  class=\"panel-grid-cell\" ><div id=\"panel-gb10026-69f0eede6c91c-0-0-0\" class=\"widget_text so-panel widget widget_custom_html panel-first-child panel-last-child\" data-index=\"0\" ><div class=\"textwidget custom-html-widget\"><div class=\"contenedor-menuver\">\n<!--a class=\"btn-menuver\" href=\"#\">Menu <i class=\"icono derecha fas fa-bars\"><\/i><\/a-->\n<ul class=\"menuver\">\n \t<li><i class=\"icono izquierda fas fa-chevron-down\"><\/i><a href=\"\">Programas<\/a>\n\t<ul>\n \t<li><a href=\"http:\/\/www.inces.gob.ve\/index.php\/programa-nacional-de-aprendizaje\/\" target=\"_blank\">Programa Nacional de Aprendizaje<\/a><\/li>\n \t<li><a href=\"http:\/\/www.inces.gob.ve\/index.php\/certificacion-del-conocimiento-2\/\" target=\"_blank\">Certificaci\u00f3n y Acreditaci\u00f3n del Conocimiento<\/a><\/li>\n \t<li><a href=\"http:\/\/www.inces.gob.ve\/index.php\/adiestramiento-en-empresas-2\/\" target=\"_blank\">Adiestramiento en Empresas<\/a><\/li>\n<li><a href=\"http:\/\/www.inces.gob.ve\/index.php\/formacion-delegada\/\" target=\"_blank\">Formaci\u00f3n Delegada<\/a><\/li>\n<li><a href=\"http:\/\/www.inces.gob.ve\/index.php\/programa-nacional-de-emprendimiento\/\" target=\"_blank\"> Programa Nacional de Emprendimiento<\/a><\/li>\n<li><a href=\"http:\/\/www.inces.gob.ve\/index.php\/formacion-de-formadores\/\" target=\"_blank\">Formaci\u00f3n de Formadores<\/a><\/li>\n<li><a href=\"http:\/\/www.inces.gob.ve\/index.php\/programa-inces-militar\/\" target=\"_blank\">Inces Militar<\/a><\/li>\n<li><a href=\"http:\/\/www.inces.gob.ve\/index.php\/bachillerato-productivo\/\" target=\"_blank\">Bachillerato Productivo<\/a><\/li>\n<li><a href=\"http:\/\/www.inces.gob.ve\/index.php\/plan-de-formacion-y-autoformacion-de-trabajadoras-y-trabajadores\/\" target=\"_blank\">Plan Trabajadores<\/a><\/li>\n<li><a href=\"http:\/\/www.inces.gob.ve\/index.php\/programa-de-educacion-especial\/\" target=\"_blank\">Educaci\u00f3n Especial<\/a><\/li>\n<li><a href=\"http:\/\/www.inces.gob.ve\/index.php\/programa-penitenciario\/\" target=\"_blank\">Penitenciario<\/a><\/li>\n<li><a href=\"http:\/\/www.inces.gob.ve\/index.php\/programa-intercultural-bilingue\/\" target=\"_blank\">Intercultural Biling\u00fce<\/a><\/li>\n<li><a href=\"http:\/\/www.inces.gob.ve\/index.php\/formacion-productiva\/\" target=\"_blank\">Formaci\u00f3n Productiva<\/a><\/li>\n<\/ul>\n\t<\/li>\n \t<li><a href=\"http:\/\/www.inces.gob.ve\/index.php\/modalidades\/\">Modalidades<\/a><\/li>\n\t<li><a href=\"http:\/\/www.inces.gob.ve\/index.php\/ambitos\/\">\u00c1mbitos<\/a><\/li>\n<li><a href=\"http:\/\/www.inces.gob.ve\/index.php\/proyectos-especiales\/\">Proyectos Especiales<\/a><\/li>\n <\/ul>\n<\/div><\/div><\/div><\/div><div id=\"pgc-gb10026-69f0eede6c91c-0-1\"  class=\"panel-grid-cell\" ><div id=\"panel-gb10026-69f0eede6c91c-0-1-0\" class=\"so-panel widget widget_media_image panel-first-child\" data-index=\"1\" ><img loading=\"lazy\" decoding=\"async\" width=\"800\" height=\"400\" src=\"https:\/\/inces.gob.ve\/wp-content\/uploads\/2018\/04\/banner_educacion_especial.png\" class=\"image wp-image-11492  attachment-full size-full\" alt=\"\" style=\"max-width: 100%; height: auto;\" srcset=\"https:\/\/inces.gob.ve\/wp-content\/uploads\/2018\/04\/banner_educacion_especial.png 800w, https:\/\/inces.gob.ve\/wp-content\/uploads\/2018\/04\/banner_educacion_especial-300x150.png 300w, https:\/\/inces.gob.ve\/wp-content\/uploads\/2018\/04\/banner_educacion_especial-768x384.png 768w\" sizes=\"auto, (max-width: 800px) 100vw, 800px\" \/><\/div><div id=\"panel-gb10026-69f0eede6c91c-0-1-1\" class=\"widget_text so-panel widget widget_custom_html panel-last-child\" data-index=\"2\" ><div class=\"textwidget custom-html-widget\"><p style=\"text-align: justify;\">Tiene como objetivo coordinar, acompa\u00f1ar, orientar y evaluar, las acciones emprendidas por el programa de formaci\u00f3n, autoformaci\u00f3n colectiva, integral, continua y permanente, en correspondencia a las necesidades de las personas con discapacidad en las \u00e1reas y\/o redes de producci\u00f3n, para su incorporaci\u00f3n al mundo del trabajo, el desarrollo productivo de las comunidades, satisfacci\u00f3n de las necesidades b\u00e1sicas y esenciales, y la potenciaci\u00f3n de las actividades econ\u00f3micas que fortalezca la pol\u00edtica del Estado Venezolano. Esto en pro del desrollo de las potencialidades de las personas con discapacidad e incentivando su participaci\u00f3n y promoviendo su incorporaci\u00f3n al trabajo productivo liberador para as\u00ed contribuir, al desarrollo productivo del hombre nuevo y de la patria, enmarcado en la Convenci\u00f3n de los Derechos Humanos y dando repuestas al modelo de educaci\u00f3n inclusiva, integradora y equiparamiento de posibilidades, que promueve nuestro pa\u00eds.<\/p>\n<p>Si deseas formar parte de este programa debes dirigirte al CFS m\u00e1s cercano a t\u00fa domicilio.<\/p><\/div><\/div><\/div><\/div><\/div>","protected":false},"excerpt":{"rendered":"","protected":false},"author":1,"featured_media":0,"parent":0,"menu_order":0,"comment_status":"closed","ping_status":"closed","template":"","meta":{"footnotes":""},"class_list":["post-10026","page","type-page","status-publish","hentry"],"_links":{"self":[{"href":"https:\/\/inces.gob.ve\/index.php\/wp-json\/wp\/v2\/pages\/10026","targetHints":{"allow":["GET"]}}],"collection":[{"href":"https:\/\/inces.gob.ve\/index.php\/wp-json\/wp\/v2\/pages"}],"about":[{"href":"https:\/\/inces.gob.ve\/index.php\/wp-json\/wp\/v2\/types\/page"}],"author":[{"embeddable":true,"href":"https:\/\/inces.gob.ve\/index.php\/wp-json\/wp\/v2\/users\/1"}],"replies":[{"embeddable":true,"href":"https:\/\/inces.gob.ve\/index.php\/wp-json\/wp\/v2\/comments?post=10026"}],"version-history":[{"count":21,"href":"https:\/\/inces.gob.ve\/index.php\/wp-json\/wp\/v2\/pages\/10026\/revisions"}],"predecessor-version":[{"id":28382,"href":"https:\/\/inces.gob.ve\/index.php\/wp-json\/wp\/v2\/pages\/10026\/revisions\/28382"}],"wp:attachment":[{"href":"https:\/\/inces.gob.ve\/index.php\/wp-json\/wp\/v2\/media?parent=10026"}],"curies":[{"name":"wp","href":"https:\/\/api.w.org\/{rel}","templated":true}]}}