{"id":10029,"date":"2018-04-05T12:57:15","date_gmt":"2018-04-05T18:57:15","guid":{"rendered":"http:\/\/nuevoportal.inces.gob.ve\/?page_id=10029"},"modified":"2020-05-28T20:20:00","modified_gmt":"2020-05-29T00:20:00","slug":"programa-penitenciario","status":"publish","type":"page","link":"https:\/\/inces.gob.ve\/index.php\/programa-penitenciario\/","title":{"rendered":"Programa Penitenciario \u00abLuisa C\u00e1ceres de Arismendi\u00bb"},"content":{"rendered":"<div id=\"pl-gb10029-69f0ee9b084dc\"  class=\"panel-layout\" ><div id=\"pg-gb10029-69f0ee9b084dc-0\"  class=\"panel-grid panel-no-style\" ><div id=\"pgc-gb10029-69f0ee9b084dc-0-0\"  class=\"panel-grid-cell\" ><div id=\"panel-gb10029-69f0ee9b084dc-0-0-0\" class=\"so-panel widget widget_media_image panel-first-child panel-last-child\" data-index=\"0\" ><img loading=\"lazy\" decoding=\"async\" width=\"1170\" height=\"91\" src=\"https:\/\/inces.gob.ve\/wp-content\/uploads\/2018\/04\/titulos_penitenciario.png\" class=\"image wp-image-11117  attachment-full size-full\" alt=\"\" style=\"max-width: 100%; height: auto;\" srcset=\"https:\/\/inces.gob.ve\/wp-content\/uploads\/2018\/04\/titulos_penitenciario.png 1170w, https:\/\/inces.gob.ve\/wp-content\/uploads\/2018\/04\/titulos_penitenciario-300x23.png 300w, https:\/\/inces.gob.ve\/wp-content\/uploads\/2018\/04\/titulos_penitenciario-768x60.png 768w, https:\/\/inces.gob.ve\/wp-content\/uploads\/2018\/04\/titulos_penitenciario-1024x80.png 1024w\" sizes=\"auto, (max-width: 1170px) 100vw, 1170px\" \/><\/div><\/div><\/div><\/div>\n\n<div id=\"pl-gb10029-69f0ee9b095eb\"  class=\"panel-layout\" ><div id=\"pg-gb10029-69f0ee9b095eb-0\"  class=\"panel-grid panel-no-style\" ><div id=\"pgc-gb10029-69f0ee9b095eb-0-0\"  class=\"panel-grid-cell\" ><div id=\"panel-gb10029-69f0ee9b095eb-0-0-0\" class=\"widget_text so-panel widget widget_custom_html panel-first-child panel-last-child\" data-index=\"0\" ><div class=\"textwidget custom-html-widget\"><div class=\"contenedor-menuver\">\n<!--a class=\"btn-menuver\" href=\"#\">Menu <i class=\"icono derecha fas fa-bars\"><\/i><\/a-->\n<ul class=\"menuver\">\n \t<li><i class=\"icono izquierda fas fa-chevron-down\"><\/i><a href=\"\">Programas<\/a>\n\t<ul>\n \t<li><a href=\"http:\/\/www.inces.gob.ve\/index.php\/programa-nacional-de-aprendizaje\/\" target=\"_blank\">Programa Nacional de Aprendizaje<\/a><\/li>\n \t<li><a href=\"http:\/\/www.inces.gob.ve\/index.php\/certificacion-del-conocimiento-2\/\" target=\"_blank\">Certificaci\u00f3n y Acreditaci\u00f3n del Conocimiento<\/a><\/li>\n \t<li><a href=\"http:\/\/www.inces.gob.ve\/index.php\/adiestramiento-en-empresas-2\/\" target=\"_blank\">Adiestramiento en Empresas<\/a><\/li>\n<li><a href=\"http:\/\/www.inces.gob.ve\/index.php\/formacion-delegada\/\" target=\"_blank\">Formaci\u00f3n Delegada<\/a><\/li>\n<li><a href=\"http:\/\/www.inces.gob.ve\/index.php\/programa-nacional-de-emprendimiento\/\" target=\"_blank\"> Programa Nacional de Emprendimiento<\/a><\/li>\n<li><a href=\"http:\/\/www.inces.gob.ve\/index.php\/formacion-de-formadores\/\" target=\"_blank\">Formaci\u00f3n de Formadores<\/a><\/li>\n<li><a href=\"http:\/\/www.inces.gob.ve\/index.php\/programa-inces-militar\/\" target=\"_blank\">Inces Militar<\/a><\/li>\n<li><a href=\"http:\/\/www.inces.gob.ve\/index.php\/bachillerato-productivo\/\" target=\"_blank\">Bachillerato Productivo<\/a><\/li>\n<li><a href=\"http:\/\/www.inces.gob.ve\/index.php\/plan-de-formacion-y-autoformacion-de-trabajadoras-y-trabajadores\/\" target=\"_blank\">Plan Trabajadores<\/a><\/li>\n<li><a href=\"http:\/\/www.inces.gob.ve\/index.php\/programa-de-educacion-especial\/\" target=\"_blank\">Educaci\u00f3n Especial<\/a><\/li>\n<li><a href=\"http:\/\/www.inces.gob.ve\/index.php\/programa-penitenciario\/\" target=\"_blank\">Penitenciario<\/a><\/li>\n<li><a href=\"http:\/\/www.inces.gob.ve\/index.php\/programa-intercultural-bilingue\/\" target=\"_blank\">Intercultural Biling\u00fce<\/a><\/li>\n<li><a href=\"http:\/\/www.inces.gob.ve\/index.php\/formacion-productiva\/\" target=\"_blank\">Formaci\u00f3n Productiva<\/a><\/li>\n<\/ul>\n\t<\/li>\n \t<li><a href=\"http:\/\/www.inces.gob.ve\/index.php\/modalidades\/\">Modalidades<\/a><\/li>\n\t<li><a href=\"http:\/\/www.inces.gob.ve\/index.php\/ambitos\/\">\u00c1mbitos<\/a><\/li>\n<li><a href=\"http:\/\/www.inces.gob.ve\/index.php\/proyectos-especiales\/\">Proyectos Especiales<\/a><\/li>\n <\/ul>\n<\/div><\/div><\/div><\/div><div id=\"pgc-gb10029-69f0ee9b095eb-0-1\"  class=\"panel-grid-cell\" ><div id=\"panel-gb10029-69f0ee9b095eb-0-1-0\" class=\"so-panel widget widget_media_image panel-first-child\" data-index=\"1\" ><img loading=\"lazy\" decoding=\"async\" width=\"800\" height=\"400\" src=\"https:\/\/inces.gob.ve\/wp-content\/uploads\/2018\/04\/banner_penitenciario.png\" class=\"image wp-image-11495  attachment-full size-full\" alt=\"\" style=\"max-width: 100%; height: auto;\" srcset=\"https:\/\/inces.gob.ve\/wp-content\/uploads\/2018\/04\/banner_penitenciario.png 800w, https:\/\/inces.gob.ve\/wp-content\/uploads\/2018\/04\/banner_penitenciario-300x150.png 300w, https:\/\/inces.gob.ve\/wp-content\/uploads\/2018\/04\/banner_penitenciario-768x384.png 768w\" sizes=\"auto, (max-width: 800px) 100vw, 800px\" \/><\/div><div id=\"panel-gb10029-69f0ee9b095eb-0-1-1\" class=\"widget_text so-panel widget widget_custom_html panel-last-child\" data-index=\"2\" ><div class=\"textwidget custom-html-widget\"><p> <\/p>\n<p style=\"text-align: justify;\">Tiene como objetivo integrar a las personas, j\u00f3venes adolescentes y adultos que hacen vida en los diferentes establecimientos Penitenciarios, Entidades de atenci\u00f3n de Adolescentes, Centros de Internamiento Policial, Centros de Procesados Militares, Post Penitenciarios Adultos y Adolescentes, Casas de Abrigo, Centros de Residencias Supervisadas y Unidades T\u00e9cnicas, extensivo a sus familiares y comunidad en el proceso de formaci\u00f3n y auto formaci\u00f3n colectiva, integral, continua y permanente, en todas las \u00e1reas de producci\u00f3n garantizando as\u00ed su inclusi\u00f3n a la sociedad a fin de contribuir con el desarrollo socioproductivo del Pa\u00eds y a la Construcci\u00f3n de la mujer y hombre nuevo, a trav\u00e9s de la formaci\u00f3n liberadora cr\u00edtica e integral mediante los diferentes Motores Productivos del INCES.<\/p>\n<p> <\/p><\/div><\/div><\/div><\/div><\/div>","protected":false},"excerpt":{"rendered":"","protected":false},"author":1,"featured_media":0,"parent":0,"menu_order":0,"comment_status":"closed","ping_status":"closed","template":"","meta":{"footnotes":""},"class_list":["post-10029","page","type-page","status-publish","hentry"],"_links":{"self":[{"href":"https:\/\/inces.gob.ve\/index.php\/wp-json\/wp\/v2\/pages\/10029","targetHints":{"allow":["GET"]}}],"collection":[{"href":"https:\/\/inces.gob.ve\/index.php\/wp-json\/wp\/v2\/pages"}],"about":[{"href":"https:\/\/inces.gob.ve\/index.php\/wp-json\/wp\/v2\/types\/page"}],"author":[{"embeddable":true,"href":"https:\/\/inces.gob.ve\/index.php\/wp-json\/wp\/v2\/users\/1"}],"replies":[{"embeddable":true,"href":"https:\/\/inces.gob.ve\/index.php\/wp-json\/wp\/v2\/comments?post=10029"}],"version-history":[{"count":12,"href":"https:\/\/inces.gob.ve\/index.php\/wp-json\/wp\/v2\/pages\/10029\/revisions"}],"predecessor-version":[{"id":28377,"href":"https:\/\/inces.gob.ve\/index.php\/wp-json\/wp\/v2\/pages\/10029\/revisions\/28377"}],"wp:attachment":[{"href":"https:\/\/inces.gob.ve\/index.php\/wp-json\/wp\/v2\/media?parent=10029"}],"curies":[{"name":"wp","href":"https:\/\/api.w.org\/{rel}","templated":true}]}}