{"id":10032,"date":"2018-04-05T12:58:32","date_gmt":"2018-04-05T18:58:32","guid":{"rendered":"http:\/\/nuevoportal.inces.gob.ve\/?page_id=10032"},"modified":"2020-05-28T20:20:00","modified_gmt":"2020-05-29T00:20:00","slug":"programa-intercultural-bilingue","status":"publish","type":"page","link":"https:\/\/inces.gob.ve\/index.php\/programa-intercultural-bilingue\/","title":{"rendered":"Programa Intercultural bilingue"},"content":{"rendered":"<div id=\"pl-gb10032-69f0ee9b746f4\"  class=\"panel-layout\" ><div id=\"pg-gb10032-69f0ee9b746f4-0\"  class=\"panel-grid panel-no-style\" ><div id=\"pgc-gb10032-69f0ee9b746f4-0-0\"  class=\"panel-grid-cell\" ><div id=\"panel-gb10032-69f0ee9b746f4-0-0-0\" class=\"so-panel widget widget_media_image panel-first-child panel-last-child\" data-index=\"0\" ><img loading=\"lazy\" decoding=\"async\" width=\"1170\" height=\"91\" src=\"https:\/\/inces.gob.ve\/wp-content\/uploads\/2018\/04\/titulos_inter_bilingue.png\" class=\"image wp-image-11119  attachment-full size-full\" alt=\"\" style=\"max-width: 100%; height: auto;\" srcset=\"https:\/\/inces.gob.ve\/wp-content\/uploads\/2018\/04\/titulos_inter_bilingue.png 1170w, https:\/\/inces.gob.ve\/wp-content\/uploads\/2018\/04\/titulos_inter_bilingue-300x23.png 300w, https:\/\/inces.gob.ve\/wp-content\/uploads\/2018\/04\/titulos_inter_bilingue-768x60.png 768w, https:\/\/inces.gob.ve\/wp-content\/uploads\/2018\/04\/titulos_inter_bilingue-1024x80.png 1024w\" sizes=\"auto, (max-width: 1170px) 100vw, 1170px\" \/><\/div><\/div><\/div><\/div>\n\n<div id=\"pl-gb10032-69f0ee9b75708\"  class=\"panel-layout\" ><div id=\"pg-gb10032-69f0ee9b75708-0\"  class=\"panel-grid panel-no-style\" ><div id=\"pgc-gb10032-69f0ee9b75708-0-0\"  class=\"panel-grid-cell\" ><div id=\"panel-gb10032-69f0ee9b75708-0-0-0\" class=\"widget_text so-panel widget widget_custom_html panel-first-child panel-last-child\" data-index=\"0\" ><div class=\"textwidget custom-html-widget\"><div class=\"contenedor-menuver\">\n<!--a class=\"btn-menuver\" href=\"#\">Menu <i class=\"icono derecha fas fa-bars\"><\/i><\/a-->\n<ul class=\"menuver\">\n \t<li><i class=\"icono izquierda fas fa-chevron-down\"><\/i><a href=\"\">Programas<\/a>\n\t<ul>\n \t<li><a href=\"http:\/\/www.inces.gob.ve\/index.php\/programa-nacional-de-aprendizaje\/\" target=\"_blank\">Programa Nacional de Aprendizaje<\/a><\/li>\n \t<li><a href=\"http:\/\/www.inces.gob.ve\/index.php\/certificacion-del-conocimiento-2\/\" target=\"_blank\">Certificaci\u00f3n y Acreditaci\u00f3n del Conocimiento<\/a><\/li>\n \t<li><a href=\"http:\/\/www.inces.gob.ve\/index.php\/adiestramiento-en-empresas-2\/\" target=\"_blank\">Adiestramiento en Empresas<\/a><\/li>\n<li><a href=\"http:\/\/www.inces.gob.ve\/index.php\/formacion-delegada\/\" target=\"_blank\">Formaci\u00f3n Delegada<\/a><\/li>\n<li><a href=\"http:\/\/www.inces.gob.ve\/index.php\/programa-nacional-de-emprendimiento\/\" target=\"_blank\"> Programa Nacional de Emprendimiento<\/a><\/li>\n<li><a href=\"http:\/\/www.inces.gob.ve\/index.php\/formacion-de-formadores\/\" target=\"_blank\">Formaci\u00f3n de Formadores<\/a><\/li>\n<li><a href=\"http:\/\/www.inces.gob.ve\/index.php\/programa-inces-militar\/\" target=\"_blank\">Inces Militar<\/a><\/li>\n<li><a href=\"http:\/\/www.inces.gob.ve\/index.php\/bachillerato-productivo\/\" target=\"_blank\">Bachillerato Productivo<\/a><\/li>\n<li><a href=\"http:\/\/www.inces.gob.ve\/index.php\/plan-de-formacion-y-autoformacion-de-trabajadoras-y-trabajadores\/\" target=\"_blank\">Plan Trabajadores<\/a><\/li>\n<li><a href=\"http:\/\/www.inces.gob.ve\/index.php\/programa-de-educacion-especial\/\" target=\"_blank\">Educaci\u00f3n Especial<\/a><\/li>\n<li><a href=\"http:\/\/www.inces.gob.ve\/index.php\/programa-penitenciario\/\" target=\"_blank\">Penitenciario<\/a><\/li>\n<li><a href=\"http:\/\/www.inces.gob.ve\/index.php\/programa-intercultural-bilingue\/\" target=\"_blank\">Intercultural Biling\u00fce<\/a><\/li>\n<li><a href=\"http:\/\/www.inces.gob.ve\/index.php\/formacion-productiva\/\" target=\"_blank\">Formaci\u00f3n Productiva<\/a><\/li>\n<\/ul>\n\t<\/li>\n \t<li><a href=\"http:\/\/www.inces.gob.ve\/index.php\/modalidades\/\">Modalidades<\/a><\/li>\n\t<li><a href=\"http:\/\/www.inces.gob.ve\/index.php\/ambitos\/\">\u00c1mbitos<\/a><\/li>\n<li><a href=\"http:\/\/www.inces.gob.ve\/index.php\/proyectos-especiales\/\">Proyectos Especiales<\/a><\/li>\n <\/ul>\n<\/div><\/div><\/div><\/div><div id=\"pgc-gb10032-69f0ee9b75708-0-1\"  class=\"panel-grid-cell\" ><div id=\"panel-gb10032-69f0ee9b75708-0-1-0\" class=\"so-panel widget widget_media_image panel-first-child\" data-index=\"1\" ><img loading=\"lazy\" decoding=\"async\" width=\"800\" height=\"400\" src=\"https:\/\/inces.gob.ve\/wp-content\/uploads\/2018\/04\/banner_intercultural_bilingue.png\" class=\"image wp-image-11497  attachment-full size-full\" alt=\"\" style=\"max-width: 100%; height: auto;\" srcset=\"https:\/\/inces.gob.ve\/wp-content\/uploads\/2018\/04\/banner_intercultural_bilingue.png 800w, https:\/\/inces.gob.ve\/wp-content\/uploads\/2018\/04\/banner_intercultural_bilingue-300x150.png 300w, https:\/\/inces.gob.ve\/wp-content\/uploads\/2018\/04\/banner_intercultural_bilingue-768x384.png 768w\" sizes=\"auto, (max-width: 800px) 100vw, 800px\" \/><\/div><div id=\"panel-gb10032-69f0ee9b75708-0-1-1\" class=\"widget_text so-panel widget widget_custom_html panel-last-child\" data-index=\"2\" ><div class=\"textwidget custom-html-widget\"><p style=\"text-align: justify;\">Tiene como objetivo impulsar los saberes, or\u00edgenes e idiomas ancestrales de los pueblos y comunidades ind\u00edgenas, respetando sus normas, usos, costumbres, pr\u00e1cticas y formas de organizaci\u00f3n tradicionales, as\u00ed como su derecho a mantener y desarrollar su educaci\u00f3n propia, basada en sus sistemas de socializaci\u00f3n, constituidos en procesos de ense\u00f1anza- aprendizaje, transmisi\u00f3n, difusi\u00f3n, arraigo y profundizaci\u00f3n de los elementos que conforman la cultura de cada pueblo y comunidad. Garantizando, adem\u00e1s; la potencia de las expresiones culturales liberadoras de los pueblos ind\u00edgenas y el incremento de la producci\u00f3n y distribuci\u00f3n de bienes y servicios culturales a nivel nacional en el marco de una sociedad justa e igualitaria.<\/p>\n<p>Programa desarrollado en los estados: Amazonas, Delta Amacuro, Gu\u00e1rico, Sucre, Apure y Bol\u00edvar<\/p><\/div><\/div><\/div><\/div><\/div>","protected":false},"excerpt":{"rendered":"","protected":false},"author":1,"featured_media":0,"parent":0,"menu_order":0,"comment_status":"closed","ping_status":"closed","template":"","meta":{"footnotes":""},"class_list":["post-10032","page","type-page","status-publish","hentry"],"_links":{"self":[{"href":"https:\/\/inces.gob.ve\/index.php\/wp-json\/wp\/v2\/pages\/10032","targetHints":{"allow":["GET"]}}],"collection":[{"href":"https:\/\/inces.gob.ve\/index.php\/wp-json\/wp\/v2\/pages"}],"about":[{"href":"https:\/\/inces.gob.ve\/index.php\/wp-json\/wp\/v2\/types\/page"}],"author":[{"embeddable":true,"href":"https:\/\/inces.gob.ve\/index.php\/wp-json\/wp\/v2\/users\/1"}],"replies":[{"embeddable":true,"href":"https:\/\/inces.gob.ve\/index.php\/wp-json\/wp\/v2\/comments?post=10032"}],"version-history":[{"count":15,"href":"https:\/\/inces.gob.ve\/index.php\/wp-json\/wp\/v2\/pages\/10032\/revisions"}],"predecessor-version":[{"id":28375,"href":"https:\/\/inces.gob.ve\/index.php\/wp-json\/wp\/v2\/pages\/10032\/revisions\/28375"}],"wp:attachment":[{"href":"https:\/\/inces.gob.ve\/index.php\/wp-json\/wp\/v2\/media?parent=10032"}],"curies":[{"name":"wp","href":"https:\/\/api.w.org\/{rel}","templated":true}]}}