{"id":10400,"date":"2018-05-11T08:56:57","date_gmt":"2018-05-11T14:56:57","guid":{"rendered":"http:\/\/nuevoportal.inces.gob.ve\/?page_id=10400"},"modified":"2020-05-28T20:18:40","modified_gmt":"2020-05-29T00:18:40","slug":"conucos-escolares","status":"publish","type":"page","link":"https:\/\/inces.gob.ve\/index.php\/conucos-escolares\/","title":{"rendered":"Conucos Escolares"},"content":{"rendered":"<p>[vc_row][vc_column][vc_single_image image=\u00bb10974&#8243; img_size=\u00bbfull\u00bb][\/vc_column][\/vc_row][vc_row][vc_column width=\u00bb1\/4&#8243; css=\u00bb.vc_custom_1513608236034{margin-left: 10px !important;}\u00bb][vc_tta_accordion shape=\u00bbsquare\u00bb color=\u00bbturquoise\u00bb spacing=\u00bb2&#8243; gap=\u00bb1&#8243; c_icon=\u00bbtriangle\u00bb active_section=\u00bb4&#8243; collapsible_all=\u00bbtrue\u00bb][vc_tta_section title=\u00bbProgramas\u00bb tab_id=\u00bb1513607825935-1be1abc5-6b1b\u00bb][vc_custom_heading text=\u00bbPrograma Nacional de Aprendizaje\u00bb font_container=\u00bbtag:h4|text_align:left\u00bb google_fonts=\u00bbfont_family:Abel%3Aregular|font_style:400%20regular%3A400%3Anormal\u00bb link=\u00bburl:http%3A%2F%2Fwww.inces.gob.ve%2Findex.php%2F364-2%2F||target:%20_blank|\u00bb][vc_custom_heading text=\u00bbCertificaci\u00f3n y Acreditaci\u00f3n del Conocimiento\u00bb font_container=\u00bbtag:h4|text_align:left\u00bb google_fonts=\u00bbfont_family:Abel%3Aregular|font_style:400%20regular%3A400%3Anormal\u00bb link=\u00bburl:http%3A%2F%2Fwww.inces.gob.ve%2Findex.php%2Fcertificacion-y-acreditacion-del-conocimiento%2F||target:%20_blank|\u00bb][vc_custom_heading text=\u00bbAdiestramiento en Empresas\u00bb font_container=\u00bbtag:h4|text_align:left\u00bb google_fonts=\u00bbfont_family:Abel%3Aregular|font_style:400%20regular%3A400%3Anormal\u00bb link=\u00bburl:http%3A%2F%2Fwww.inces.gob.ve%2Findex.php%2Fadiestramiento-en-empresas%2F||target:%20_blank|\u00bb][vc_custom_heading text=\u00bbFormaci\u00f3n Delegada\u00bb font_container=\u00bbtag:h4|text_align:left\u00bb google_fonts=\u00bbfont_family:Abel%3Aregular|font_style:400%20regular%3A400%3Anormal\u00bb link=\u00bburl:http%3A%2F%2Fwww.inces.gob.ve%2Findex.php%2Fformacion-delegada%2F||target:%20_blank|\u00bb][vc_custom_heading text=\u00bbPrograma Nacional de Emprendimiento\u00bb font_container=\u00bbtag:h4|text_align:left\u00bb google_fonts=\u00bbfont_family:Abel%3Aregular|font_style:400%20regular%3A400%3Anormal\u00bb link=\u00bburl:http%3A%2F%2Fwww.inces.gob.ve%2Findex.php%2Fprograma-nacional-de-emprendimiento%2F||target:%20_blank|\u00bb][vc_custom_heading text=\u00bbFormaci\u00f3n de Formadores\u00bb font_container=\u00bbtag:h4|text_align:left\u00bb google_fonts=\u00bbfont_family:Abel%3Aregular|font_style:400%20regular%3A400%3Anormal\u00bb link=\u00bburl:http%3A%2F%2Fwww.inces.gob.ve%2Findex.php%2Fformacion-de-formadores%2F||target:%20_blank|\u00bb][vc_custom_heading text=\u00bbInces Militar\u00bb font_container=\u00bbtag:h4|text_align:left\u00bb google_fonts=\u00bbfont_family:Abel%3Aregular|font_style:400%20regular%3A400%3Anormal\u00bb link=\u00bburl:http%3A%2F%2Fwww.inces.gob.ve%2Findex.php%2Fprograma-inces-militar%2F||target:%20_blank|\u00bb][vc_custom_heading text=\u00bbBachillerato Productivo\u00bb font_container=\u00bbtag:h4|text_align:left\u00bb google_fonts=\u00bbfont_family:Abel%3Aregular|font_style:400%20regular%3A400%3Anormal\u00bb link=\u00bburl:http%3A%2F%2Fwww.inces.gob.ve%2Findex.php%2Fbachillerato-productivo%2F||target:%20_blank|\u00bb][vc_custom_heading text=\u00bbPlan Trabajadores\u00bb font_container=\u00bbtag:h4|text_align:left\u00bb google_fonts=\u00bbfont_family:Abel%3Aregular|font_style:400%20regular%3A400%3Anormal\u00bb link=\u00bburl:http%3A%2F%2Fwww.inces.gob.ve%2Findex.php%2Fplan-de-formacion-y-autoformacion-de-trabajadoras-y-trabajadores%2F||target:%20_blank|\u00bb][vc_custom_heading text=\u00bbEducaci\u00f3n Especial\u00bb font_container=\u00bbtag:h4|text_align:left\u00bb google_fonts=\u00bbfont_family:Abel%3Aregular|font_style:400%20regular%3A400%3Anormal\u00bb link=\u00bburl:http%3A%2F%2Fwww.inces.gob.ve%2Findex.php%2Fprograma-de-educacion-especial%2F||target:%20_blank|\u00bb][vc_custom_heading text=\u00bbPenitenciario\u00bb font_container=\u00bbtag:h4|text_align:left\u00bb google_fonts=\u00bbfont_family:Abel%3Aregular|font_style:400%20regular%3A400%3Anormal\u00bb link=\u00bburl:http%3A%2F%2Fwww.inces.gob.ve%2Findex.php%2Fprograma-penitenciario%2F||target:%20_blank|\u00bb][vc_custom_heading text=\u00bbIntercultural Biling\u00fce\u00bb font_container=\u00bbtag:h4|text_align:left\u00bb google_fonts=\u00bbfont_family:Abel%3Aregular|font_style:400%20regular%3A400%3Anormal\u00bb link=\u00bburl:http%3A%2F%2Fwww.inces.gob.ve%2Findex.php%2Fprograma-intercultural-bilingue%2F||target:%20_blank|\u00bb][vc_custom_heading text=\u00bbFormaci\u00f3n Productiva\u00bb font_container=\u00bbtag:h4|text_align:left\u00bb google_fonts=\u00bbfont_family:Abel%3Aregular|font_style:400%20regular%3A400%3Anormal\u00bb link=\u00bburl:http%3A%2F%2Fwww.inces.gob.ve%2Findex.php%2Fformacion-productiva%2F||target:%20_blank|\u00bb][\/vc_tta_section][vc_tta_section title=\u00bbModalidades\u00bb tab_id=\u00bb1523298957388-53fe3451-d021&#8243;][vc_custom_heading text=\u00bbModalidades\u00bb font_container=\u00bbtag:h4|text_align:left\u00bb google_fonts=\u00bbfont_family:Abel%3Aregular|font_style:400%20regular%3A400%3Anormal\u00bb link=\u00bburl:http%3A%2F%2Fwww.inces.gob.ve%2Findex.php%2Fmodalidades%2F||target:%20_blank|\u00bb][\/vc_tta_section][vc_tta_section title=\u00bb\u00c1mbitos\u00bb tab_id=\u00bb1523299297381-eb3f87ae-5ecf\u00bb][vc_custom_heading text=\u00bb\u00c1mbitos\u00bb font_container=\u00bbtag:h4|text_align:left\u00bb google_fonts=\u00bbfont_family:Abel%3Aregular|font_style:400%20regular%3A400%3Anormal\u00bb link=\u00bburl:http%3A%2F%2Fwww.inces.gob.ve%2Findex.php%2Fambitos%2F||target:%20_blank|\u00bb][\/vc_tta_section][vc_tta_section title=\u00bbProyectos Especiales\u00bb tab_id=\u00bb1523304004957-de9c4417-acce\u00bb][vc_custom_heading text=\u00bbProyectos Especiales\u00bb font_container=\u00bbtag:h4|text_align:left\u00bb google_fonts=\u00bbfont_family:Abel%3Aregular|font_style:400%20regular%3A400%3Anormal\u00bb link=\u00bburl:http%3A%2F%2Fwww.inces.gob.ve%2Findex.php%2Fproyectos-especiales%2F||target:%20_blank|\u00bb][\/vc_tta_section][\/vc_tta_accordion][\/vc_column][vc_column width=\u00bb3\/4&#8243;][vc_single_image image=\u00bb17840&#8243; img_size=\u00bbfull\u00bb alignment=\u00bbcenter\u00bb][vc_column_text]<\/p>\n<p style=\"text-align: justify;\">El Proyectos Conucos Escolares tiene su origen en el programa \u201cTodas las Manos a la Siembra\u201d, adelantado por el Ministerio de Educaci\u00f3n, \u00f3rgano de adscripci\u00f3n del Inces. Con un enfoque end\u00f3geno sustentable dirigido al fortalecimiento del modelo socialista agrario, tiene como objetivos:<\/p>\n<p>[\/vc_column_text][vc_column_text]<\/p>\n<p style=\"text-align: justify;\">* Asumir la formaci\u00f3n en materia agr\u00edcola no s\u00f3lo como un c\u00famulo de conocimientos t\u00e9cnicos sino como la v\u00eda de promoci\u00f3n de un cambio de vida que integre al ser humano con la naturaleza, incentivando la cultura de la siembra productiva.<br \/>\n* Promover h\u00e1bitos saludables de consumo.<br \/>\n* Incentivar la producci\u00f3n con pr\u00e1cticas agroecol\u00f3gicas.<br \/>\n* Fomentar el uso de materiales reciclables para la producci\u00f3n en los conucos escolares, favoreciendo la autoconstrucci\u00f3n.<br \/>\n* Incorporar los saberes ancestrales y tradicionales en la pr\u00e1ctica agr\u00edcola en combinaci\u00f3n con el uso de tecnolog\u00edas y adelantos cient\u00edficos.<br \/>\n* La obtenci\u00f3n de semilla artesanal as\u00ed como el establecimiento de los Bancos de Semillas.<\/p>\n<p>[\/vc_column_text][vc_custom_heading text=\u00bbFunciones\u00bb font_container=\u00bbtag:h1|text_align:left|color:%23006d80&#8243; use_theme_fonts=\u00bbyes\u00bb][vc_column_text]* Participar y articular con los responsables de cada centro educativo asignado, las actividades que desarrollaran en el conuco escolar del mismo.<br \/>\n* Mantener una comunicaci\u00f3n constante con el Maestro T\u00e9cnico Productivo asignado por la coordinaci\u00f3n para el seguimiento de la actividad.<br \/>\n* Desarrollar todas las labores inherentes a la obtenci\u00f3n de semilla,preparaci\u00f3n de sustrato y \u00e1rea de siembra,siembra del rubro,control de plagas,malezas y enfermedades,cosecha y post-cosecha.<br \/>\n* Las actividades de la brigada son de car\u00e1cter continuo, por lo que deberan programarse de tal forma que los rubros establecidos en cada conuco, sean atendidos de manera constante y sistem\u00e1tica.<br \/>\n* Participar en las actividades formativas que se consideren necesarias para solventar sus necesidades de formaci\u00f3n.<br \/>\nAsistir a las convocatorias que sean propuestas para evaluar y reorientar el trabajo que ejecutan.[\/vc_column_text][\/vc_column][\/vc_row]<\/p>\n","protected":false},"excerpt":{"rendered":"<p>[vc_row][vc_column][vc_single_image image=\u00bb10974&#8243; img_size=\u00bbfull\u00bb][\/vc_column][\/vc_row][vc_row][vc_column width=\u00bb1\/4&#8243; css=\u00bb.vc_custom_1513608236034{margin-left: 10px !important;}\u00bb][vc_tta_accordion shape=\u00bbsquare\u00bb color=\u00bbturquoise\u00bb spacing=\u00bb2&#8243; gap=\u00bb1&#8243; c_icon=\u00bbtriangle\u00bb active_section=\u00bb4&#8243; collapsible_all=\u00bbtrue\u00bb][vc_tta_section title=\u00bbProgramas\u00bb tab_id=\u00bb1513607825935-1be1abc5-6b1b\u00bb][vc_custom_heading text=\u00bbPrograma Nacional de Aprendizaje\u00bb font_container=\u00bbtag:h4|text_align:left\u00bb google_fonts=\u00bbfont_family:Abel%3Aregular|font_style:400%20regular%3A400%3Anormal\u00bb link=\u00bburl:http%3A%2F%2Fwww.inces.gob.ve%2Findex.php%2F364-2%2F||target:%20_blank|\u00bb][vc_custom_heading text=\u00bbCertificaci\u00f3n y Acreditaci\u00f3n del Conocimiento\u00bb font_container=\u00bbtag:h4|text_align:left\u00bb google_fonts=\u00bbfont_family:Abel%3Aregular|font_style:400%20regular%3A400%3Anormal\u00bb link=\u00bburl:http%3A%2F%2Fwww.inces.gob.ve%2Findex.php%2Fcertificacion-y-acreditacion-del-conocimiento%2F||target:%20_blank|\u00bb][vc_custom_heading text=\u00bbAdiestramiento en Empresas\u00bb font_container=\u00bbtag:h4|text_align:left\u00bb google_fonts=\u00bbfont_family:Abel%3Aregular|font_style:400%20regular%3A400%3Anormal\u00bb link=\u00bburl:http%3A%2F%2Fwww.inces.gob.ve%2Findex.php%2Fadiestramiento-en-empresas%2F||target:%20_blank|\u00bb][vc_custom_heading text=\u00bbFormaci\u00f3n Delegada\u00bb font_container=\u00bbtag:h4|text_align:left\u00bb google_fonts=\u00bbfont_family:Abel%3Aregular|font_style:400%20regular%3A400%3Anormal\u00bb link=\u00bburl:http%3A%2F%2Fwww.inces.gob.ve%2Findex.php%2Fformacion-delegada%2F||target:%20_blank|\u00bb][vc_custom_heading text=\u00bbPrograma Nacional de Emprendimiento\u00bb font_container=\u00bbtag:h4|text_align:left\u00bb google_fonts=\u00bbfont_family:Abel%3Aregular|font_style:400%20regular%3A400%3Anormal\u00bb link=\u00bburl:http%3A%2F%2Fwww.inces.gob.ve%2Findex.php%2Fprograma-nacional-de-emprendimiento%2F||target:%20_blank|\u00bb][vc_custom_heading text=\u00bbFormaci\u00f3n de Formadores\u00bb font_container=\u00bbtag:h4|text_align:left\u00bb google_fonts=\u00bbfont_family:Abel%3Aregular|font_style:400%20regular%3A400%3Anormal\u00bb link=\u00bburl:http%3A%2F%2Fwww.inces.gob.ve%2Findex.php%2Fformacion-de-formadores%2F||target:%20_blank|\u00bb][vc_custom_heading [&hellip;]<\/p>\n","protected":false},"author":1,"featured_media":0,"parent":0,"menu_order":0,"comment_status":"closed","ping_status":"closed","template":"","meta":{"footnotes":""},"class_list":["post-10400","page","type-page","status-publish","hentry"],"_links":{"self":[{"href":"https:\/\/inces.gob.ve\/index.php\/wp-json\/wp\/v2\/pages\/10400","targetHints":{"allow":["GET"]}}],"collection":[{"href":"https:\/\/inces.gob.ve\/index.php\/wp-json\/wp\/v2\/pages"}],"about":[{"href":"https:\/\/inces.gob.ve\/index.php\/wp-json\/wp\/v2\/types\/page"}],"author":[{"embeddable":true,"href":"https:\/\/inces.gob.ve\/index.php\/wp-json\/wp\/v2\/users\/1"}],"replies":[{"embeddable":true,"href":"https:\/\/inces.gob.ve\/index.php\/wp-json\/wp\/v2\/comments?post=10400"}],"version-history":[{"count":32,"href":"https:\/\/inces.gob.ve\/index.php\/wp-json\/wp\/v2\/pages\/10400\/revisions"}],"predecessor-version":[{"id":18989,"href":"https:\/\/inces.gob.ve\/index.php\/wp-json\/wp\/v2\/pages\/10400\/revisions\/18989"}],"wp:attachment":[{"href":"https:\/\/inces.gob.ve\/index.php\/wp-json\/wp\/v2\/media?parent=10400"}],"curies":[{"name":"wp","href":"https:\/\/api.w.org\/{rel}","templated":true}]}}