{"id":10485,"date":"2018-05-15T12:45:28","date_gmt":"2018-05-15T18:45:28","guid":{"rendered":"http:\/\/nuevoportal.inces.gob.ve\/?page_id=10485"},"modified":"2020-05-28T20:19:03","modified_gmt":"2020-05-29T00:19:03","slug":"diplomados","status":"publish","type":"page","link":"https:\/\/inces.gob.ve\/index.php\/diplomados\/","title":{"rendered":"Diplomados"},"content":{"rendered":"<p>[vc_row][vc_column][vc_single_image image=\u00bb11157&#8243; img_size=\u00bbfull\u00bb][\/vc_column][\/vc_row][vc_row][vc_column width=\u00bb1\/4&#8243; css=\u00bb.vc_custom_1513608236034{margin-left: 10px !important;}\u00bb][vc_tta_accordion shape=\u00bbsquare\u00bb color=\u00bbturquoise\u00bb spacing=\u00bb2&#8243; gap=\u00bb1&#8243; c_icon=\u00bbtriangle\u00bb active_section=\u00bb2&#8243; collapsible_all=\u00bbtrue\u00bb][vc_tta_section title=\u00bbProgramas\u00bb tab_id=\u00bb1513607825935-1be1abc5-6b1b\u00bb][vc_custom_heading text=\u00bbPrograma Nacional de Aprendizaje\u00bb font_container=\u00bbtag:h4|text_align:left\u00bb google_fonts=\u00bbfont_family:Abel%3Aregular|font_style:400%20regular%3A400%3Anormal\u00bb link=\u00bburl:http%3A%2F%2Fnuevoportal.inces.gob.ve%2Findex.php%2F364-2%2F||target:%20_blank|\u00bb][vc_custom_heading text=\u00bbCertificaci\u00f3n y Acreditaci\u00f3n del Conocimiento\u00bb font_container=\u00bbtag:h4|text_align:left\u00bb google_fonts=\u00bbfont_family:Abel%3Aregular|font_style:400%20regular%3A400%3Anormal\u00bb link=\u00bburl:http%3A%2F%2Fnuevoportal.inces.gob.ve%2Findex.php%2Fcertificacion-y-acreditacion-del-conocimiento%2F||target:%20_blank|\u00bb][vc_custom_heading text=\u00bbAdiestramiento en Empresas\u00bb font_container=\u00bbtag:h4|text_align:left\u00bb google_fonts=\u00bbfont_family:Abel%3Aregular|font_style:400%20regular%3A400%3Anormal\u00bb link=\u00bburl:http%3A%2F%2Fnuevoportal.inces.gob.ve%2Findex.php%2Fadiestramiento-en-empresas%2F||target:%20_blank|\u00bb][vc_custom_heading text=\u00bbFormaci\u00f3n Delegada\u00bb font_container=\u00bbtag:h4|text_align:left\u00bb google_fonts=\u00bbfont_family:Abel%3Aregular|font_style:400%20regular%3A400%3Anormal\u00bb link=\u00bburl:http%3A%2F%2Fnuevoportal.inces.gob.ve%2Findex.php%2Fformacion-delegada%2F||target:%20_blank|\u00bb][vc_custom_heading text=\u00bbPrograma Nacional de Emprendimiento\u00bb font_container=\u00bbtag:h4|text_align:left\u00bb google_fonts=\u00bbfont_family:Abel%3Aregular|font_style:400%20regular%3A400%3Anormal\u00bb link=\u00bburl:http%3A%2F%2Fnuevoportal.inces.gob.ve%2Findex.php%2Fprograma-nacional-de-emprendimiento%2F||target:%20_blank|\u00bb][vc_custom_heading text=\u00bbFormaci\u00f3n de Formadores\u00bb font_container=\u00bbtag:h4|text_align:left\u00bb google_fonts=\u00bbfont_family:Abel%3Aregular|font_style:400%20regular%3A400%3Anormal\u00bb link=\u00bburl:http%3A%2F%2Fnuevoportal.inces.gob.ve%2Findex.php%2Fformacion-de-formadores%2F||target:%20_blank|\u00bb][vc_custom_heading text=\u00bbInces Militar\u00bb font_container=\u00bbtag:h4|text_align:left\u00bb google_fonts=\u00bbfont_family:Abel%3Aregular|font_style:400%20regular%3A400%3Anormal\u00bb link=\u00bburl:http%3A%2F%2Fnuevoportal.inces.gob.ve%2Findex.php%2Fprograma-inces-militar%2F||target:%20_blank|\u00bb][vc_custom_heading text=\u00bbBachillerato Productivo\u00bb font_container=\u00bbtag:h4|text_align:left\u00bb google_fonts=\u00bbfont_family:Abel%3Aregular|font_style:400%20regular%3A400%3Anormal\u00bb link=\u00bburl:http%3A%2F%2Fnuevoportal.inces.gob.ve%2Findex.php%2Fbachillerato-productivo%2F||target:%20_blank|\u00bb][vc_custom_heading text=\u00bbPlan Trabajadores\u00bb font_container=\u00bbtag:h4|text_align:left\u00bb google_fonts=\u00bbfont_family:Abel%3Aregular|font_style:400%20regular%3A400%3Anormal\u00bb link=\u00bburl:http%3A%2F%2Fnuevoportal.inces.gob.ve%2Findex.php%2Fplan-de-formacion-y-autoformacion-de-trabajadoras-y-trabajadores%2F||target:%20_blank|\u00bb][vc_custom_heading text=\u00bbEducaci\u00f3n Especial\u00bb font_container=\u00bbtag:h4|text_align:left\u00bb google_fonts=\u00bbfont_family:Abel%3Aregular|font_style:400%20regular%3A400%3Anormal\u00bb link=\u00bburl:http%3A%2F%2Fnuevoportal.inces.gob.ve%2Findex.php%2Fprograma-de-educacion-especial%2F||target:%20_blank|\u00bb][vc_custom_heading text=\u00bbPenitenciario\u00bb font_container=\u00bbtag:h4|text_align:left\u00bb google_fonts=\u00bbfont_family:Abel%3Aregular|font_style:400%20regular%3A400%3Anormal\u00bb link=\u00bburl:http%3A%2F%2Fnuevoportal.inces.gob.ve%2Findex.php%2Fprograma-penitenciario%2F||target:%20_blank|\u00bb][vc_custom_heading text=\u00bbIntercultural Biling\u00fce\u00bb font_container=\u00bbtag:h4|text_align:left\u00bb google_fonts=\u00bbfont_family:Abel%3Aregular|font_style:400%20regular%3A400%3Anormal\u00bb link=\u00bburl:http%3A%2F%2Fnuevoportal.inces.gob.ve%2Findex.php%2Fprograma-intercultural-bilingue%2F||target:%20_blank|\u00bb][vc_custom_heading text=\u00bbFormaci\u00f3n Productiva\u00bb font_container=\u00bbtag:h4|text_align:left\u00bb google_fonts=\u00bbfont_family:Abel%3Aregular|font_style:400%20regular%3A400%3Anormal\u00bb link=\u00bburl:http%3A%2F%2Fnuevoportal.inces.gob.ve%2Findex.php%2Fformacion-productiva%2F||target:%20_blank|\u00bb][\/vc_tta_section][vc_tta_section title=\u00bbModalidades\u00bb tab_id=\u00bb1523298957388-53fe3451-d021&#8243;][vc_custom_heading text=\u00bbModalidades\u00bb use_theme_fonts=\u00bbyes\u00bb link=\u00bburl:http%3A%2F%2Fnuevoportal.inces.gob.ve%2Findex.php%2Fmodalidades%2F||target:%20_blank|\u00bb][\/vc_tta_section][vc_tta_section title=\u00bb\u00c1mbitos\u00bb tab_id=\u00bb1523299297381-eb3f87ae-5ecf\u00bb][vc_custom_heading text=\u00bb\u00c1mbitos\u00bb font_container=\u00bbtag:h4|text_align:left\u00bb use_theme_fonts=\u00bbyes\u00bb link=\u00bburl:http%3A%2F%2Fnuevoportal.inces.gob.ve%2Findex.php%2Fambitos%2F||target:%20_blank|\u00bb][\/vc_tta_section][vc_tta_section title=\u00bbProyectos Especiales\u00bb tab_id=\u00bb1523304004957-de9c4417-acce\u00bb][vc_custom_heading text=\u00bbProyectos Especiales\u00bb font_container=\u00bbtag:h4|text_align:left\u00bb google_fonts=\u00bbfont_family:Abel%3Aregular|font_style:400%20regular%3A400%3Anormal\u00bb link=\u00bburl:http%3A%2F%2Fnuevoportal.inces.gob.ve%2Findex.php%2Fproyectos-especiales%2F||target:%20_blank|\u00bb][\/vc_tta_section][\/vc_tta_accordion][\/vc_column][vc_column width=\u00bb3\/4&#8243;][vc_column_text]<\/p>\n<p style=\"text-align: justify;\">Est\u00e1n constituidos por un plan de estudio a trav\u00e9s de Unidades Curriculares, entendido como un proceso de formaci\u00f3n y autoformaci\u00f3n, con car\u00e1cter flexible, abierto y sist\u00e9mico, aplicable a todos los sectores productivos, orientado a la adquisici\u00f3n de conocimientos, desarrollo de competencias, reconocimiento y valoraci\u00f3n de saberes y experiencias, homologaci\u00f3n, ingreso, ascenso y evaluaci\u00f3n, destinadas a fortalecer, optimizar y a\u00f1adir valor el desempe\u00f1o del participante en el proceso social de trabajo y en su desarrollo profesional y humano.<\/p>\n<p>Tienen como objetivo la formaci\u00f3n y autoformaci\u00f3n colectiva, integral, continua y permanente, de acuerdo a los requerimientos y necesidades de los y las participantes, en base a unos perfiles productivos de ingreso y egreso pertinentes seg\u00fan las potencialidades de la localidad y orientado al desarrollo econ\u00f3mico de la patria. Los diplomados no son conducentes a t\u00edtulo o grado acad\u00e9mico y no constituyen estudios de postgrado.<\/p>\n<p>Tendr\u00e1n un lapso de ejecuci\u00f3n m\u00ednimo de 120 horas y un m\u00e1ximo de 200. Tendr\u00e1n como requisito de ingreso: poseer t\u00edtulo universitario (TSU, licenciatura o equivalente), o experiencia en el \u00e1rea de al menos de cinco a\u00f1os.<\/p>\n<p>[\/vc_column_text][\/vc_column][\/vc_row]<\/p>\n","protected":false},"excerpt":{"rendered":"<p>[vc_row][vc_column][vc_single_image image=\u00bb11157&#8243; img_size=\u00bbfull\u00bb][\/vc_column][\/vc_row][vc_row][vc_column width=\u00bb1\/4&#8243; css=\u00bb.vc_custom_1513608236034{margin-left: 10px !important;}\u00bb][vc_tta_accordion shape=\u00bbsquare\u00bb color=\u00bbturquoise\u00bb spacing=\u00bb2&#8243; gap=\u00bb1&#8243; c_icon=\u00bbtriangle\u00bb active_section=\u00bb2&#8243; collapsible_all=\u00bbtrue\u00bb][vc_tta_section title=\u00bbProgramas\u00bb tab_id=\u00bb1513607825935-1be1abc5-6b1b\u00bb][vc_custom_heading text=\u00bbPrograma Nacional de Aprendizaje\u00bb font_container=\u00bbtag:h4|text_align:left\u00bb google_fonts=\u00bbfont_family:Abel%3Aregular|font_style:400%20regular%3A400%3Anormal\u00bb link=\u00bburl:http%3A%2F%2Fnuevoportal.inces.gob.ve%2Findex.php%2F364-2%2F||target:%20_blank|\u00bb][vc_custom_heading text=\u00bbCertificaci\u00f3n y Acreditaci\u00f3n del Conocimiento\u00bb font_container=\u00bbtag:h4|text_align:left\u00bb google_fonts=\u00bbfont_family:Abel%3Aregular|font_style:400%20regular%3A400%3Anormal\u00bb link=\u00bburl:http%3A%2F%2Fnuevoportal.inces.gob.ve%2Findex.php%2Fcertificacion-y-acreditacion-del-conocimiento%2F||target:%20_blank|\u00bb][vc_custom_heading text=\u00bbAdiestramiento en Empresas\u00bb font_container=\u00bbtag:h4|text_align:left\u00bb google_fonts=\u00bbfont_family:Abel%3Aregular|font_style:400%20regular%3A400%3Anormal\u00bb link=\u00bburl:http%3A%2F%2Fnuevoportal.inces.gob.ve%2Findex.php%2Fadiestramiento-en-empresas%2F||target:%20_blank|\u00bb][vc_custom_heading text=\u00bbFormaci\u00f3n Delegada\u00bb font_container=\u00bbtag:h4|text_align:left\u00bb google_fonts=\u00bbfont_family:Abel%3Aregular|font_style:400%20regular%3A400%3Anormal\u00bb link=\u00bburl:http%3A%2F%2Fnuevoportal.inces.gob.ve%2Findex.php%2Fformacion-delegada%2F||target:%20_blank|\u00bb][vc_custom_heading text=\u00bbPrograma Nacional de Emprendimiento\u00bb font_container=\u00bbtag:h4|text_align:left\u00bb google_fonts=\u00bbfont_family:Abel%3Aregular|font_style:400%20regular%3A400%3Anormal\u00bb link=\u00bburl:http%3A%2F%2Fnuevoportal.inces.gob.ve%2Findex.php%2Fprograma-nacional-de-emprendimiento%2F||target:%20_blank|\u00bb][vc_custom_heading text=\u00bbFormaci\u00f3n de Formadores\u00bb font_container=\u00bbtag:h4|text_align:left\u00bb google_fonts=\u00bbfont_family:Abel%3Aregular|font_style:400%20regular%3A400%3Anormal\u00bb link=\u00bburl:http%3A%2F%2Fnuevoportal.inces.gob.ve%2Findex.php%2Fformacion-de-formadores%2F||target:%20_blank|\u00bb][vc_custom_heading [&hellip;]<\/p>\n","protected":false},"author":1,"featured_media":0,"parent":0,"menu_order":0,"comment_status":"closed","ping_status":"closed","template":"","meta":{"footnotes":""},"class_list":["post-10485","page","type-page","status-publish","hentry"],"_links":{"self":[{"href":"https:\/\/inces.gob.ve\/index.php\/wp-json\/wp\/v2\/pages\/10485","targetHints":{"allow":["GET"]}}],"collection":[{"href":"https:\/\/inces.gob.ve\/index.php\/wp-json\/wp\/v2\/pages"}],"about":[{"href":"https:\/\/inces.gob.ve\/index.php\/wp-json\/wp\/v2\/types\/page"}],"author":[{"embeddable":true,"href":"https:\/\/inces.gob.ve\/index.php\/wp-json\/wp\/v2\/users\/1"}],"replies":[{"embeddable":true,"href":"https:\/\/inces.gob.ve\/index.php\/wp-json\/wp\/v2\/comments?post=10485"}],"version-history":[{"count":7,"href":"https:\/\/inces.gob.ve\/index.php\/wp-json\/wp\/v2\/pages\/10485\/revisions"}],"predecessor-version":[{"id":11523,"href":"https:\/\/inces.gob.ve\/index.php\/wp-json\/wp\/v2\/pages\/10485\/revisions\/11523"}],"wp:attachment":[{"href":"https:\/\/inces.gob.ve\/index.php\/wp-json\/wp\/v2\/media?parent=10485"}],"curies":[{"name":"wp","href":"https:\/\/api.w.org\/{rel}","templated":true}]}}