{"id":10493,"date":"2018-05-15T12:54:07","date_gmt":"2018-05-15T18:54:07","guid":{"rendered":"http:\/\/nuevoportal.inces.gob.ve\/?page_id=10493"},"modified":"2020-05-28T20:20:15","modified_gmt":"2020-05-29T00:20:15","slug":"simposio","status":"publish","type":"page","link":"https:\/\/inces.gob.ve\/index.php\/simposio\/","title":{"rendered":"Simposio"},"content":{"rendered":"<p>[vc_row][vc_column][vc_single_image image=\u00bb11168&#8243; img_size=\u00bbfull\u00bb][\/vc_column][\/vc_row][vc_row][vc_column width=\u00bb1\/4&#8243; css=\u00bb.vc_custom_1513608236034{margin-left: 10px !important;}\u00bb][vc_tta_accordion shape=\u00bbsquare\u00bb color=\u00bbturquoise\u00bb spacing=\u00bb2&#8243; gap=\u00bb1&#8243; c_icon=\u00bbtriangle\u00bb active_section=\u00bb2&#8243; collapsible_all=\u00bbtrue\u00bb][vc_tta_section title=\u00bbProgramas\u00bb tab_id=\u00bb1513607825935-1be1abc5-6b1b\u00bb][vc_custom_heading text=\u00bbPrograma Nacional de Aprendizaje\u00bb font_container=\u00bbtag:h4|text_align:left\u00bb google_fonts=\u00bbfont_family:Abel%3Aregular|font_style:400%20regular%3A400%3Anormal\u00bb link=\u00bburl:http%3A%2F%2Fnuevoportal.inces.gob.ve%2Findex.php%2F364-2%2F||target:%20_blank|\u00bb][vc_custom_heading text=\u00bbCertificaci\u00f3n y Acreditaci\u00f3n del Conocimiento\u00bb font_container=\u00bbtag:h4|text_align:left\u00bb google_fonts=\u00bbfont_family:Abel%3Aregular|font_style:400%20regular%3A400%3Anormal\u00bb link=\u00bburl:http%3A%2F%2Fnuevoportal.inces.gob.ve%2Findex.php%2Fcertificacion-y-acreditacion-del-conocimiento%2F||target:%20_blank|\u00bb][vc_custom_heading text=\u00bbAdiestramiento en Empresas\u00bb font_container=\u00bbtag:h4|text_align:left\u00bb google_fonts=\u00bbfont_family:Abel%3Aregular|font_style:400%20regular%3A400%3Anormal\u00bb link=\u00bburl:http%3A%2F%2Fnuevoportal.inces.gob.ve%2Findex.php%2Fadiestramiento-en-empresas%2F||target:%20_blank|\u00bb][vc_custom_heading text=\u00bbFormaci\u00f3n Delegada\u00bb font_container=\u00bbtag:h4|text_align:left\u00bb google_fonts=\u00bbfont_family:Abel%3Aregular|font_style:400%20regular%3A400%3Anormal\u00bb link=\u00bburl:http%3A%2F%2Fnuevoportal.inces.gob.ve%2Findex.php%2Fformacion-delegada%2F||target:%20_blank|\u00bb][vc_custom_heading text=\u00bbPrograma Nacional de Emprendimiento\u00bb font_container=\u00bbtag:h4|text_align:left\u00bb google_fonts=\u00bbfont_family:Abel%3Aregular|font_style:400%20regular%3A400%3Anormal\u00bb link=\u00bburl:http%3A%2F%2Fnuevoportal.inces.gob.ve%2Findex.php%2Fprograma-nacional-de-emprendimiento%2F||target:%20_blank|\u00bb][vc_custom_heading text=\u00bbFormaci\u00f3n de Formadores\u00bb font_container=\u00bbtag:h4|text_align:left\u00bb google_fonts=\u00bbfont_family:Abel%3Aregular|font_style:400%20regular%3A400%3Anormal\u00bb link=\u00bburl:http%3A%2F%2Fnuevoportal.inces.gob.ve%2Findex.php%2Fformacion-de-formadores%2F||target:%20_blank|\u00bb][vc_custom_heading text=\u00bbInces Militar\u00bb font_container=\u00bbtag:h4|text_align:left\u00bb google_fonts=\u00bbfont_family:Abel%3Aregular|font_style:400%20regular%3A400%3Anormal\u00bb link=\u00bburl:http%3A%2F%2Fnuevoportal.inces.gob.ve%2Findex.php%2Fprograma-inces-militar%2F||target:%20_blank|\u00bb][vc_custom_heading text=\u00bbBachillerato Productivo\u00bb font_container=\u00bbtag:h4|text_align:left\u00bb google_fonts=\u00bbfont_family:Abel%3Aregular|font_style:400%20regular%3A400%3Anormal\u00bb link=\u00bburl:http%3A%2F%2Fnuevoportal.inces.gob.ve%2Findex.php%2Fbachillerato-productivo%2F||target:%20_blank|\u00bb][vc_custom_heading text=\u00bbPlan Trabajadores\u00bb font_container=\u00bbtag:h4|text_align:left\u00bb google_fonts=\u00bbfont_family:Abel%3Aregular|font_style:400%20regular%3A400%3Anormal\u00bb link=\u00bburl:http%3A%2F%2Fnuevoportal.inces.gob.ve%2Findex.php%2Fplan-de-formacion-y-autoformacion-de-trabajadoras-y-trabajadores%2F||target:%20_blank|\u00bb][vc_custom_heading text=\u00bbEducaci\u00f3n Especial\u00bb font_container=\u00bbtag:h4|text_align:left\u00bb google_fonts=\u00bbfont_family:Abel%3Aregular|font_style:400%20regular%3A400%3Anormal\u00bb link=\u00bburl:http%3A%2F%2Fnuevoportal.inces.gob.ve%2Findex.php%2Fprograma-de-educacion-especial%2F||target:%20_blank|\u00bb][vc_custom_heading text=\u00bbPenitenciario\u00bb font_container=\u00bbtag:h4|text_align:left\u00bb google_fonts=\u00bbfont_family:Abel%3Aregular|font_style:400%20regular%3A400%3Anormal\u00bb link=\u00bburl:http%3A%2F%2Fnuevoportal.inces.gob.ve%2Findex.php%2Fprograma-penitenciario%2F||target:%20_blank|\u00bb][vc_custom_heading text=\u00bbIntercultural Biling\u00fce\u00bb font_container=\u00bbtag:h4|text_align:left\u00bb google_fonts=\u00bbfont_family:Abel%3Aregular|font_style:400%20regular%3A400%3Anormal\u00bb link=\u00bburl:http%3A%2F%2Fnuevoportal.inces.gob.ve%2Findex.php%2Fprograma-intercultural-bilingue%2F||target:%20_blank|\u00bb][vc_custom_heading text=\u00bbFormaci\u00f3n Productiva\u00bb font_container=\u00bbtag:h4|text_align:left\u00bb google_fonts=\u00bbfont_family:Abel%3Aregular|font_style:400%20regular%3A400%3Anormal\u00bb link=\u00bburl:http%3A%2F%2Fnuevoportal.inces.gob.ve%2Findex.php%2Fformacion-productiva%2F||target:%20_blank|\u00bb][\/vc_tta_section][vc_tta_section title=\u00bbModalidades\u00bb tab_id=\u00bb1523298957388-53fe3451-d021&#8243;][vc_custom_heading text=\u00bbModalidades\u00bb use_theme_fonts=\u00bbyes\u00bb link=\u00bburl:http%3A%2F%2Fnuevoportal.inces.gob.ve%2Findex.php%2Fmodalidades%2F||target:%20_blank|\u00bb][\/vc_tta_section][vc_tta_section title=\u00bb\u00c1mbitos\u00bb tab_id=\u00bb1523299297381-eb3f87ae-5ecf\u00bb][vc_custom_heading text=\u00bb\u00c1mbitos\u00bb font_container=\u00bbtag:h4|text_align:left\u00bb use_theme_fonts=\u00bbyes\u00bb link=\u00bburl:http%3A%2F%2Fnuevoportal.inces.gob.ve%2Findex.php%2Fambitos%2F||target:%20_blank|\u00bb][\/vc_tta_section][vc_tta_section title=\u00bbProyectos Especiales\u00bb tab_id=\u00bb1523304004957-de9c4417-acce\u00bb][vc_custom_heading text=\u00bbProyectos Especiales\u00bb font_container=\u00bbtag:h4|text_align:left\u00bb google_fonts=\u00bbfont_family:Abel%3Aregular|font_style:400%20regular%3A400%3Anormal\u00bb link=\u00bburl:http%3A%2F%2Fnuevoportal.inces.gob.ve%2Findex.php%2Fproyectos-especiales%2F||target:%20_blank|\u00bb][\/vc_tta_section][\/vc_tta_accordion][\/vc_column][vc_column width=\u00bb3\/4&#8243;][vc_single_image image=\u00bb11515&#8243; img_size=\u00bbfull\u00bb alignment=\u00bbcenter\u00bb][vc_column_text]<\/p>\n<p style=\"text-align: justify;\">En esta modalidad formativa se agrupan tres o m\u00e1s profesionales o conocedores de un tema, las cuales exponen ante un auditorio sus ideas o conocimientos, ofreciendo un panorama amplio e integral del tema tratado, con el fin de generar la reflexi\u00f3n cr\u00edtica, participativa y organizada en el colectivo de participantes, para coadyuvar en la transici\u00f3n hacia la nueva cultura de trabajo y fortalecer el proceso social de trabajo.<\/p>\n<p>Las expositoras y los expositores del simposio tendr\u00e1n un tiempo de 20 a 40 minutos para desarrollar el tema.<\/p>\n<p>Las participantes y los participantes tendr\u00e1n derecho de palabra para realizar preguntas o plantear sus ideas.<\/p>\n<p>Contribuye con el aprendizaje en colectivo, a trav\u00e9s de la reflexi\u00f3n cr\u00edtica y participativa de las y los sujetos sociales protag\u00f3nicos.<\/p>\n<p>El lapso de ejecuci\u00f3n var\u00eda entre 40 y 80 horas.<\/p>\n<p>[\/vc_column_text][\/vc_column][\/vc_row]<\/p>\n","protected":false},"excerpt":{"rendered":"<p>[vc_row][vc_column][vc_single_image image=\u00bb11168&#8243; img_size=\u00bbfull\u00bb][\/vc_column][\/vc_row][vc_row][vc_column width=\u00bb1\/4&#8243; css=\u00bb.vc_custom_1513608236034{margin-left: 10px !important;}\u00bb][vc_tta_accordion shape=\u00bbsquare\u00bb color=\u00bbturquoise\u00bb spacing=\u00bb2&#8243; gap=\u00bb1&#8243; c_icon=\u00bbtriangle\u00bb active_section=\u00bb2&#8243; collapsible_all=\u00bbtrue\u00bb][vc_tta_section title=\u00bbProgramas\u00bb tab_id=\u00bb1513607825935-1be1abc5-6b1b\u00bb][vc_custom_heading text=\u00bbPrograma Nacional de Aprendizaje\u00bb font_container=\u00bbtag:h4|text_align:left\u00bb google_fonts=\u00bbfont_family:Abel%3Aregular|font_style:400%20regular%3A400%3Anormal\u00bb link=\u00bburl:http%3A%2F%2Fnuevoportal.inces.gob.ve%2Findex.php%2F364-2%2F||target:%20_blank|\u00bb][vc_custom_heading text=\u00bbCertificaci\u00f3n y Acreditaci\u00f3n del Conocimiento\u00bb font_container=\u00bbtag:h4|text_align:left\u00bb google_fonts=\u00bbfont_family:Abel%3Aregular|font_style:400%20regular%3A400%3Anormal\u00bb link=\u00bburl:http%3A%2F%2Fnuevoportal.inces.gob.ve%2Findex.php%2Fcertificacion-y-acreditacion-del-conocimiento%2F||target:%20_blank|\u00bb][vc_custom_heading text=\u00bbAdiestramiento en Empresas\u00bb font_container=\u00bbtag:h4|text_align:left\u00bb google_fonts=\u00bbfont_family:Abel%3Aregular|font_style:400%20regular%3A400%3Anormal\u00bb link=\u00bburl:http%3A%2F%2Fnuevoportal.inces.gob.ve%2Findex.php%2Fadiestramiento-en-empresas%2F||target:%20_blank|\u00bb][vc_custom_heading text=\u00bbFormaci\u00f3n Delegada\u00bb font_container=\u00bbtag:h4|text_align:left\u00bb google_fonts=\u00bbfont_family:Abel%3Aregular|font_style:400%20regular%3A400%3Anormal\u00bb link=\u00bburl:http%3A%2F%2Fnuevoportal.inces.gob.ve%2Findex.php%2Fformacion-delegada%2F||target:%20_blank|\u00bb][vc_custom_heading text=\u00bbPrograma Nacional de Emprendimiento\u00bb font_container=\u00bbtag:h4|text_align:left\u00bb google_fonts=\u00bbfont_family:Abel%3Aregular|font_style:400%20regular%3A400%3Anormal\u00bb link=\u00bburl:http%3A%2F%2Fnuevoportal.inces.gob.ve%2Findex.php%2Fprograma-nacional-de-emprendimiento%2F||target:%20_blank|\u00bb][vc_custom_heading text=\u00bbFormaci\u00f3n de Formadores\u00bb font_container=\u00bbtag:h4|text_align:left\u00bb google_fonts=\u00bbfont_family:Abel%3Aregular|font_style:400%20regular%3A400%3Anormal\u00bb link=\u00bburl:http%3A%2F%2Fnuevoportal.inces.gob.ve%2Findex.php%2Fformacion-de-formadores%2F||target:%20_blank|\u00bb][vc_custom_heading [&hellip;]<\/p>\n","protected":false},"author":1,"featured_media":0,"parent":0,"menu_order":0,"comment_status":"closed","ping_status":"closed","template":"","meta":{"footnotes":""},"class_list":["post-10493","page","type-page","status-publish","hentry"],"_links":{"self":[{"href":"https:\/\/inces.gob.ve\/index.php\/wp-json\/wp\/v2\/pages\/10493","targetHints":{"allow":["GET"]}}],"collection":[{"href":"https:\/\/inces.gob.ve\/index.php\/wp-json\/wp\/v2\/pages"}],"about":[{"href":"https:\/\/inces.gob.ve\/index.php\/wp-json\/wp\/v2\/types\/page"}],"author":[{"embeddable":true,"href":"https:\/\/inces.gob.ve\/index.php\/wp-json\/wp\/v2\/users\/1"}],"replies":[{"embeddable":true,"href":"https:\/\/inces.gob.ve\/index.php\/wp-json\/wp\/v2\/comments?post=10493"}],"version-history":[{"count":9,"href":"https:\/\/inces.gob.ve\/index.php\/wp-json\/wp\/v2\/pages\/10493\/revisions"}],"predecessor-version":[{"id":11513,"href":"https:\/\/inces.gob.ve\/index.php\/wp-json\/wp\/v2\/pages\/10493\/revisions\/11513"}],"wp:attachment":[{"href":"https:\/\/inces.gob.ve\/index.php\/wp-json\/wp\/v2\/media?parent=10493"}],"curies":[{"name":"wp","href":"https:\/\/api.w.org\/{rel}","templated":true}]}}