{"id":10844,"date":"2018-05-31T08:02:45","date_gmt":"2018-05-31T14:02:45","guid":{"rendered":"http:\/\/nuevoportal.inces.gob.ve\/?page_id=10844"},"modified":"2020-05-28T20:19:44","modified_gmt":"2020-05-29T00:19:44","slug":"modalidades","status":"publish","type":"page","link":"https:\/\/inces.gob.ve\/index.php\/modalidades\/","title":{"rendered":"Modalidades"},"content":{"rendered":"<div id=\"pl-10844\"  class=\"panel-layout\" ><div id=\"pg-10844-0\"  class=\"panel-grid panel-no-style\" ><div id=\"pgc-10844-0-0\"  class=\"panel-grid-cell\" ><div id=\"panel-10844-0-0-0\" class=\"so-panel widget widget_widget_sp_image widget_sp_image panel-first-child panel-last-child\" data-index=\"0\" ><img loading=\"lazy\" decoding=\"async\" width=\"1170\" height=\"91\" class=\"attachment-full\" style=\"max-width: 100%;\" srcset=\"https:\/\/inces.gob.ve\/wp-content\/uploads\/2018\/05\/titulos_modalidades.png 1170w, https:\/\/inces.gob.ve\/wp-content\/uploads\/2018\/05\/titulos_modalidades-300x23.png 300w, https:\/\/inces.gob.ve\/wp-content\/uploads\/2018\/05\/titulos_modalidades-768x60.png 768w, https:\/\/inces.gob.ve\/wp-content\/uploads\/2018\/05\/titulos_modalidades-1024x80.png 1024w\" sizes=\"auto, (max-width: 1170px) 100vw, 1170px\" src=\"https:\/\/inces.gob.ve\/wp-content\/uploads\/2018\/05\/titulos_modalidades.png\" \/><\/div><\/div><\/div><div id=\"pg-10844-1\"  class=\"panel-grid panel-no-style\" ><div id=\"pgc-10844-1-0\"  class=\"panel-grid-cell\" ><div id=\"panel-10844-1-0-0\" class=\"widget_text so-panel widget widget_custom_html panel-first-child panel-last-child\" data-index=\"1\" ><div class=\"textwidget custom-html-widget\"><div class=\"contenedor-menuver\">\n<!--a class=\"btn-menuver\" href=\"#\">Menu <i class=\"icono derecha fas fa-bars\"><\/i><\/a-->\n<ul class=\"menuver\">\n \t<li><i class=\"icono izquierda fas fa-chevron-down\"><\/i><a href=\"\">Programas<\/a>\n\t<ul>\n \t<li><a href=\"http:\/\/www.inces.gob.ve\/index.php\/programa-nacional-de-aprendizaje\/\" target=\"_blank\">Programa Nacional de Aprendizaje<\/a><\/li>\n \t<li><a href=\"http:\/\/www.inces.gob.ve\/index.php\/certificacion-del-conocimiento-2\/\" target=\"_blank\">Certificaci\u00f3n y Acreditaci\u00f3n del Conocimiento<\/a><\/li>\n \t<li><a href=\"http:\/\/www.inces.gob.ve\/index.php\/adiestramiento-en-empresas-2\/\" target=\"_blank\">Adiestramiento en Empresas<\/a><\/li>\n<li><a href=\"http:\/\/www.inces.gob.ve\/index.php\/formacion-delegada\/\" target=\"_blank\">Formaci\u00f3n Delegada<\/a><\/li>\n<li><a href=\"http:\/\/www.inces.gob.ve\/index.php\/programa-nacional-de-emprendimiento\/\" target=\"_blank\"> Programa Nacional de Emprendimiento<\/a><\/li>\n<li><a href=\"http:\/\/www.inces.gob.ve\/index.php\/formacion-de-formadores\/\" target=\"_blank\">Formaci\u00f3n de Formadores<\/a><\/li>\n<li><a href=\"http:\/\/www.inces.gob.ve\/index.php\/programa-inces-militar\/\" target=\"_blank\">Inces Militar<\/a><\/li>\n<li><a href=\"http:\/\/www.inces.gob.ve\/index.php\/bachillerato-productivo\/\" target=\"_blank\">Bachillerato Productivo<\/a><\/li>\n<li><a href=\"http:\/\/www.inces.gob.ve\/index.php\/plan-de-formacion-y-autoformacion-de-trabajadoras-y-trabajadores\/\" target=\"_blank\">Plan Trabajadores<\/a><\/li>\n<li><a href=\"http:\/\/www.inces.gob.ve\/index.php\/programa-de-educacion-especial\/\" target=\"_blank\">Educaci\u00f3n Especial<\/a><\/li>\n<li><a href=\"http:\/\/www.inces.gob.ve\/index.php\/programa-penitenciario\/\" target=\"_blank\">Penitenciario<\/a><\/li>\n<li><a href=\"http:\/\/www.inces.gob.ve\/index.php\/programa-intercultural-bilingue\/\" target=\"_blank\">Intercultural Biling\u00fce<\/a><\/li>\n<li><a href=\"http:\/\/www.inces.gob.ve\/index.php\/formacion-productiva\/\" target=\"_blank\">Formaci\u00f3n Productiva<\/a><\/li>\n<\/ul>\n\t<\/li>\n \t<li><a href=\"http:\/\/www.inces.gob.ve\/index.php\/modalidades\/\">Modalidades<\/a><\/li>\n\t<li><a href=\"http:\/\/www.inces.gob.ve\/index.php\/ambitos\/\">\u00c1mbitos<\/a><\/li>\n<li><a href=\"http:\/\/www.inces.gob.ve\/index.php\/proyectos-especiales\/\">Proyectos Especiales<\/a><\/li>\n <\/ul>\n<\/div><\/div><\/div><\/div><div id=\"pgc-10844-1-1\"  class=\"panel-grid-cell\" ><div id=\"panel-10844-1-1-0\" class=\"so-panel widget widget_widget_sp_image widget_sp_image panel-first-child panel-last-child\" data-index=\"2\" ><img loading=\"lazy\" decoding=\"async\" width=\"800\" height=\"400\" class=\"attachment-full\" style=\"max-width: 100%;\" srcset=\"https:\/\/inces.gob.ve\/wp-content\/uploads\/2018\/05\/banner_modalidades.png 800w, https:\/\/inces.gob.ve\/wp-content\/uploads\/2018\/05\/banner_modalidades-300x150.png 300w, https:\/\/inces.gob.ve\/wp-content\/uploads\/2018\/05\/banner_modalidades-768x384.png 768w\" sizes=\"auto, (max-width: 800px) 100vw, 800px\" src=\"https:\/\/inces.gob.ve\/wp-content\/uploads\/2018\/05\/banner_modalidades.png\" \/><\/div><\/div><\/div><div id=\"pg-10844-2\"  class=\"panel-grid panel-no-style\" ><div id=\"pgc-10844-2-0\"  class=\"panel-grid-cell panel-grid-cell-empty\" ><\/div><div id=\"pgc-10844-2-1\"  class=\"panel-grid-cell\" ><div id=\"panel-10844-2-1-0\" class=\"widget_text so-panel widget widget_custom_html panel-first-child panel-last-child\" data-index=\"3\" ><div class=\"textwidget custom-html-widget\"><ul id=\"toggle-view\">\n\t<li>\n\t\t<h3>Cursos de Ampliaci\u00f3n<\/h3>\n\t\t<span>+<\/span>\n\t\t<div class=\"panel\">\n\t\t\t<p><img loading=\"lazy\" decoding=\"async\" src=\"http:\/\/www.inces.gob.ve\/wp-content\/uploads\/2018\/05\/banner_curso_ampliacion.png\" alt=\"\" width=\"800\" height=\"400\"><\/p>\n\t\t\t<p>Son contenidos espec\u00edficos, construidos desde las entidades de trabajo, comunas, consejos comunales, entre otros, de acuerdo a las necesidades e intereses de las y los sujetos sociales organizados, para mejorar, ampliar y actualizar la formaci\u00f3n en diferentes campos del saber, mediante la identificaci\u00f3n de sus necesidades de formaci\u00f3n y experiencias sociolaborales y productivas orientadas a la adquisici\u00f3n de conocimientos, desarrollo de competencias (ser, conocer, hacer y convivir en un todo integrado), reconocimiento y valoraci\u00f3n de saberes y experiencias, homologaci\u00f3n, ingreso, ascenso y evaluaci\u00f3n destinadas a fortalecer, optimizar y a\u00f1adir valor a su desempe\u00f1o en el proceso social de trabajo, desarrollo profesional y humano.<\/p>\n<p>El lapso de ejecuci\u00f3n es variable, seg\u00fan el requerimiento y necesidad de formaci\u00f3n.<\/p>\n\t\t<\/div>\n\t<\/li>\n\t<li>\n\t\t<h3>Congresos<\/h3>\n\t\t<span>+<\/span>\n\t\t<div class=\"panel\">\n\t\t\t<p><img loading=\"lazy\" decoding=\"async\" src=\"http:\/\/www.inces.gob.ve\/wp-content\/uploads\/2018\/05\/banner_congreso.png\" alt=\"\" width=\"800\" height=\"400\"><\/p>\n\t\t\t<p>Es una modalidad que permite el encuentro para debatir y reflexionar acerca de uno o varios temas de inter\u00e9s, investigaciones e innovaciones que deban ser socializadas. En esta modalidad de formaci\u00f3n participa un grupo de tres o m\u00e1s profesionales o conocedores del tema, quienes exponen ante un auditorio sus ideas y conocimientos, ofreciendo un panorama amplio e integral del tema tratado, para luego dividir el grupo en dos o m\u00e1s talleres que promuevan el intercambio cient\u00edfico de conocimientos y experiencias, con el objeto de crear redes de cooperaci\u00f3n y semilleros de investigaci\u00f3n, para mejorar las pr\u00e1cticas y solucionar problemas en ambientes acad\u00e9micos, \u00e1mbitos, entornos o contextos productivos.<\/p>\n<p>El lapso de ejecuci\u00f3n var\u00eda entre 16 y 40 horas, de acuerdo a los temas a ser desarrollados.\n\t\n\t\t\t<\/p>\n\n<p>La organizaci\u00f3n del congreso contempla cuatro fases: la planificaci\u00f3n, captaci\u00f3n de participantes, la ejecuci\u00f3n y la evaluaci\u00f3n.\n\t\n\t\t\t<\/p>\n\n<p>La certificaci\u00f3n educativa en esta modalidad, podr\u00e1 otorgarse por participaci\u00f3n en el evento y por aprobaci\u00f3n en los talleres de investigaci\u00f3n.\n\t\n\t\t\t<\/p>\n\t\t<\/div>\n\t<\/li>\n\t<li>\n\t\t<h3>Diplomados<\/h3>\n\t\t<span>+<\/span>\n\t\t<div class=\"panel\">\n\t\t\t<p><img decoding=\"async\" src=\"http:\/\/www.inces.gob.ve\/wp-content\/uploads\/2018\/05\/banner_diplomados.png\"><\/p>\n\t\t\t<p>\n\t\t\t\tEst\u00e1n constituidos por un plan de estudio a trav\u00e9s de Unidades Curriculares, entendido como un proceso de formaci\u00f3n y autoformaci\u00f3n, con car\u00e1cter flexible, abierto y sist\u00e9mico, aplicable a todos los sectores productivos, orientado a la adquisici\u00f3n de conocimientos, desarrollo de competencias, reconocimiento y valoraci\u00f3n de saberes y experiencias, homologaci\u00f3n, ingreso, ascenso y evaluaci\u00f3n, destinadas a fortalecer, optimizar y a\u00f1adir valor el desempe\u00f1o del participante en el proceso social de trabajo y en su desarrollo profesional y humano.\n\t\t\t<\/p>\n\t\t\t<p>\n\t\t\t\tTienen como objetivo la formaci\u00f3n y autoformaci\u00f3n colectiva, integral, continua y permanente, de acuerdo a los requerimientos y necesidades de los y las participantes, en base a unos perfiles productivos de ingreso y egreso pertinentes seg\u00fan las potencialidades de la localidad y orientado al desarrollo econ\u00f3mico de la patria. Los diplomados no son conducentes a t\u00edtulo o grado acad\u00e9mico y no constituyen estudios de postgrado.\n\t\t\t<\/p>\n\t\t\t<p>\n\t\t\t\tTendr\u00e1n un lapso de ejecuci\u00f3n m\u00ednimo de 120 horas y un m\u00e1ximo de 200. Tendr\u00e1n como requisito de ingreso: poseer t\u00edtulo universitario (TSU, licenciatura o equivalente), o experiencia en el \u00e1rea de al menos de cinco a\u00f1os.\n\t\t\t<\/p>\n\t\t<\/div>\n\t<\/li>\n\t<li>\n\t\t<h3>Seminario de Investigaci\u00f3n Comunitaria y Productiva<\/h3>\n\t\t<span>+<\/span>\n\t\t<div class=\"panel\">\n\t\t\t<p><img decoding=\"async\" src=\"http:\/\/www.inces.gob.ve\/wp-content\/uploads\/2018\/05\/banner_seminario_productivo.png\"><\/p>\n\t\t\t<p>\n\t\t\t\tEs un encuentro did\u00e1ctico donde el facilitador desarrolla integralmente los aspectos cognitivos, afectivos y pr\u00e1cticos interactuando con los participantes, desde ambientes acad\u00e9micos, \u00e1mbitos, entornos o contextos productivos, para construir e intercambiar saberes o desarrollar investigaciones, propiciando el intercambio cient\u00edfico de conocimientos y experiencias, con el objeto de generar nuevas propuestas socioformativas e impulsar redes de cooperaci\u00f3n y semilleros de investigaci\u00f3n en formaci\u00f3n, educaci\u00f3n y pedagog\u00eda, para encontrar beneficios acad\u00e9micos, productivos y sociales, en funci\u00f3n de estabilizar y desarrollar el proceso social de trabajo.\n\t\t\t<\/p>\n\t\t\t<p>\n\t\t\t\tEs un proceso activo que promueve la investigaci\u00f3n e indagaci\u00f3n de aspectos relacionados con las necesidades sociales, el desarrollo tecnol\u00f3gico y los avances cient\u00edficos. Adem\u00e1s de la discusi\u00f3n, an\u00e1lisis y organizaci\u00f3n de los aportes, para presentar a todo el grupo los resultados o conclusiones del seminario.\n\t\t\t<\/p>\n\t\t\t<p>\n\t\t\t\tGeneran productos de difusi\u00f3n investigativa como art\u00edculos, ponencias, libros, entre otros, que se dan a conocer a la comunidad, en el marco de los requerimientos, para la reactivaci\u00f3n de los sectores productivos, teniendo en cuenta los ejes transversales de la formaci\u00f3n pertinente con el desarrollo econ\u00f3mico de la patria.\n\t\t\t<\/p>\n\t\t\t<p>\n\t\t\t\tContribuyen con el aprendizaje en colectivo, a trav\u00e9s de la comunicaci\u00f3n y estimula el uso racional y efectivo de las m\u00faltiples fuentes de informaci\u00f3n. El lapso de ejecuci\u00f3n var\u00eda entre 40 y 120 horas, de acuerdo a las competencias a ser desarrolladas.\n\t\t\t<\/p>\n\t\t<\/div>\n\t<\/li>\n\t<li>\n\t\t<h3>Cursos en L\u00ednea<\/h3>\n\t\t<span>+<\/span>\n\t\t<div class=\"panel\">\n\t\t\t<p><img decoding=\"async\" src=\"http:\/\/www.inces.gob.ve\/wp-content\/uploads\/2018\/05\/banners_cursos_linea.png\"><\/p>\n\t\t\t<p>\n\t\t\tEsta modalidad se concibe como una ense\u00f1anza basada en el uso de las herramientas que ofrecen las tecnolog\u00edas de la informaci\u00f3n y la comunicaci\u00f3n, y que abre la posibilidad a las y los participantes de proponer su propio ritmo de actividades, de acuerdo a la disponibilidad de su tiempo y espacio.\n\t\t<\/p>\n\t\t<p>\n\t\t\tLos cursos en l\u00ednea son de car\u00e1cter flexible, abierto y sist\u00e9mico para la formaci\u00f3n y autoformaci\u00f3n productiva, adaptados a los requerimientos de tiempo y horario del cursante. El lapso de ejecuci\u00f3n var\u00eda de acuerdo a las competencias a ser desarrolladas.\n\t\t<\/p>\n\t\t<\/div>\n\t\t\n\t<\/li>\n\t<li>\n\t\t<h3>Talleres<\/h3>\n\t\t<span>+<\/span>\n\t\t<div class=\"panel\">\n\t\t\t<p><img decoding=\"async\" src=\"http:\/\/www.inces.gob.ve\/wp-content\/uploads\/2018\/05\/talleres_ppal.png\"><\/p>\n\t\t<p>Es un proceso de formaci\u00f3n y autoformaci\u00f3n que permite a j\u00f3venes, adultas y adultos desarrollar competencias (ser, conocer, hacer y convivir en un todo integrado), a trav\u00e9s del intercambio de experiencias y vivencias, en un espacio real de trabajo, para resolver problemas o transformar su \u00e1mbito, entorno, o contexto real y diverso.<\/p>\n\t\t<p>\tLos talleres se refieren a los contenidos que conforman una Unidad Curricular, con car\u00e1cter flexible, abierto y sist\u00e9mico, para la formaci\u00f3n y autoformaci\u00f3n productiva. Permite la ejecuci\u00f3n de las Unidades Curriculares adaptadas a la disponibilidad de tiempo de las y los participantes, a trav\u00e9s del desarrollo y ejecuci\u00f3n de uno o dos contenidos pertenecientes a una Unidad Curricular.<\/p>\n\t\t<p>\tEl lapso de ejecuci\u00f3n var\u00eda entre 8 y 20 horas, de acuerdo a las competencias a ser desarrolladas.<\/p>\n\t\t\t\n\t\t\t<\/div>\n\t   <\/li>\n\t\t\t<li>\n\t\t\t\t<h6><b> Talleres de Interacci\u00f3n Comunitaria y Productiva<\/b><\/h6>\n\t\t\t<div class=\"panel\">\n\t\t\t<p style=\u201dtext-align: justify;\u201d>Es una modalidad de formaci\u00f3n y autoformaci\u00f3n productiva organizada a partir de una realidad concreta, orientada hacia el trabajo en colectivo y colaborativo, con la finalidad de empoderar a las ciudadanas y ciudadanos, para la participaci\u00f3n activa en el desarrollo econ\u00f3mico y social, en consonancia con las potencialidades territoriales y acervo cultural de las y los habitantes de la localidad, enmarcado en los Planes Estrat\u00e9gicos de Desarrollo de la Naci\u00f3n.<\/p>\n<p style=\u201dtext-align: justify;\u201d>En los talleres convergen la teor\u00eda y la pr\u00e1ctica, a trav\u00e9s de una metodolog\u00eda participativa y propiciadora del di\u00e1logo de saberes, el aprendizaje vivencial y el intercambio de experiencias.<\/p>\n<p style=\u201dtext-align: justify;\u201d>El lapso de ejecuci\u00f3n var\u00eda entre 20 y 40 horas, de acuerdo a las competencias a ser desarrolladas.\nEst\u00e1 orientado a promover la transformaci\u00f3n del sistema econ\u00f3mico comunal empoderando el pueblo para la gesti\u00f3n eficiente y sustentable de unidades productivas de propiedad directa e indirecta, que genere retornabilidad social y econ\u00f3mica del proceso productivo y contribuya a mejorar las condiciones de vida de la comunidad.<\/p>\n\t\t<\/div>\n\t\t\t<\/li>\n\t<li>\n\t\t\t\t<h6><b> Talleres Productivos<\/b><\/h6>\n\t\t\t<div class=\"panel\">\n\t\t\t<p style=\u201dtext-align: justify;\u201d>Permite orientar su aprendizaje hacia el desarrollo econ\u00f3mico y social, especialmente aquellas dirigidas a crear formas asociativas y de organizaci\u00f3n de empresas de propiedad social y redes de econom\u00eda social, que se inclinen hacia la construcci\u00f3n de un sistema de producci\u00f3n, intercambio y justa distribuci\u00f3n de bienes y servicios, que impulsen un modelo de gesti\u00f3n sustentable y sostenible con criterios de equidad y justicia social, de acuerdo a sus necesidades y potencialidades productivas, para el encadenamiento productivo nacional, privilegiando el aprender haciendo a trav\u00e9s del trabajo colectivo.<\/p>\n<p>\tEl lapso de ejecuci\u00f3n var\u00eda entre 30 y 250 horas, de acuerdo a las competencias a ser desarrolladas para lograr la organizaci\u00f3n en cualquiera de las formas asociativas, orientadas a la producci\u00f3n, intercambio y justa distribuci\u00f3n de bienes y servicios.<\/p>\n\t\t<\/div>\n\t\t\t<\/li>\n\t<li>\n\t\t\t\t<h6><b> Talleres Vivenciales <\/b><\/h6>\n\t\t\t<div class=\"panel\">\n\t\t\t<p style=\u201dtext-align: justify;\u201d>Tiene como prop\u00f3sito la realizaci\u00f3n de actividades de aprendizajes vivenciales, en las cuales las y los participantes asumen un rol protag\u00f3nico. Su uso se ha generalizado en procesos de formaci\u00f3n y autoformaci\u00f3n colectiva, integral, continua y permanente vinculados al autodesarrollo, al crecimiento personal, talleres de autoestima, de comunicaci\u00f3n efectiva, din\u00e1mica grupal, entre otros.<\/p>\n<p> El lapso de ejecuci\u00f3n var\u00eda entre 8 y 20 horas, de acuerdo a las competencias (ser, conocer, hacer y convivir en un todo integrado) a ser desarrolladas.<\/p>\n\t\t<\/div>\n\t\t\t<\/li>\n\t\t\t\n\t\n\t\t<li>\n\t\t<h3>Simposios<\/h3>\n\t\t<span>+<\/span>\n\t\t<div class=\"panel\">\n\t\t\t<p><!--img src=\"http:\/\/www.inces.gob.ve\/wp-content\/uploads\/2018\/05\/banner_simposio-1024\u00d7512.png\"--><\/p>\n\t\t\t<p style=\u201dtext-align: justify;\u201d>En esta modalidad formativa se agrupan tres o m\u00e1s profesionales o conocedores de un tema, las cuales exponen ante un auditorio sus ideas o conocimientos, ofreciendo un panorama amplio e integral del tema tratado, con el fin de generar la reflexi\u00f3n cr\u00edtica, participativa y organizada en el colectivo de participantes, para coadyuvar en la transici\u00f3n hacia la nueva cultura de trabajo y fortalecer el proceso social de trabajo.<\/p>\n<p>Las expositoras y los expositores del simposio tendr\u00e1n un tiempo de 20 a 40 minutos para desarrollar el tema.<\/p>\n\t\t\t\n<p>Las participantes y los participantes tendr\u00e1n derecho de palabra para realizar preguntas o plantear sus ideas.<\/p>\n\n<p>Contribuye con el aprendizaje en colectivo, a trav\u00e9s de la reflexi\u00f3n cr\u00edtica y participativa de las y los sujetos sociales protag\u00f3nicos.\t\t<\/p>\n<p>El lapso de ejecuci\u00f3n var\u00eda entre 40 y 80 horas.<\/p>\n\n\t\t<\/div>\n\t<\/li>\n\t<li>\n\t\t<h3>Tutor\u00edas<\/h3>\n\t\t<span>+<\/span>\n\t\t<div class=\"panel\">\n\t\t\t<p><img decoding=\"async\" src=\"http:\/\/www.inces.gob.ve\/wp-content\/uploads\/2018\/05\/tutorias_ppal.png\"><\/p>\n\t\t\t<p style=\u201dtext-align: justify;\u201d>En esta modalidad formativa se agrupan tres o m\u00e1s profesionales o conocedores de un tema, las cuales exponen ante un auditorio sus ideas o conocimientos, ofreciendo un panorama amplio e integral del tema tratado, con el fin de generar la reflexi\u00f3n cr\u00edtica, participativa y organizada en el colectivo de participantes, para coadyuvar en la transici\u00f3n hacia la nueva cultura de trabajo y fortalecer el proceso social de trabajo.<\/p>\n\t\t\t<p>\n\t\t\t\tLas expositoras y los expositores del simposio tendr\u00e1n un tiempo de 20 a 40 minutos para desarrollar el tema.\n\t\t\t<\/p>\n\t\t\t<p>\n\t\t\t\tContribuye con el aprendizaje en colectivo, a trav\u00e9s de la reflexi\u00f3n cr\u00edtica y participativa de las y los sujetos sociales protag\u00f3nicos\n\t\t\t<\/p>\n\t\t\t<p>\n\t\t\t\tEl lapso de ejecuci\u00f3n var\u00eda entre 40 y 80 horas.\n\t\t\t<\/p>\n\t\t<\/div>\n\t<\/li>\n\t\n<\/ul><\/div><\/div><\/div><\/div><\/div>","protected":false},"excerpt":{"rendered":"<p>Programas Programa Nacional de Aprendizaje Certificaci\u00f3n y Acreditaci\u00f3n del Conocimiento Adiestramiento en Empresas Formaci\u00f3n Delegada Programa Nacional de Emprendimiento Formaci\u00f3n de Formadores Inces Militar Bachillerato Productivo Plan Trabajadores Educaci\u00f3n Especial Penitenciario Intercultural Biling\u00fce Formaci\u00f3n Productiva Modalidades \u00c1mbitos Proyectos Especiales Cursos de Ampliaci\u00f3n + Son contenidos espec\u00edficos, construidos desde las entidades de trabajo, comunas, consejos comunales, [&hellip;]<\/p>\n","protected":false},"author":1,"featured_media":0,"parent":0,"menu_order":0,"comment_status":"closed","ping_status":"closed","template":"","meta":{"footnotes":""},"class_list":["post-10844","page","type-page","status-publish","hentry"],"_links":{"self":[{"href":"https:\/\/inces.gob.ve\/index.php\/wp-json\/wp\/v2\/pages\/10844","targetHints":{"allow":["GET"]}}],"collection":[{"href":"https:\/\/inces.gob.ve\/index.php\/wp-json\/wp\/v2\/pages"}],"about":[{"href":"https:\/\/inces.gob.ve\/index.php\/wp-json\/wp\/v2\/types\/page"}],"author":[{"embeddable":true,"href":"https:\/\/inces.gob.ve\/index.php\/wp-json\/wp\/v2\/users\/1"}],"replies":[{"embeddable":true,"href":"https:\/\/inces.gob.ve\/index.php\/wp-json\/wp\/v2\/comments?post=10844"}],"version-history":[{"count":80,"href":"https:\/\/inces.gob.ve\/index.php\/wp-json\/wp\/v2\/pages\/10844\/revisions"}],"predecessor-version":[{"id":18983,"href":"https:\/\/inces.gob.ve\/index.php\/wp-json\/wp\/v2\/pages\/10844\/revisions\/18983"}],"wp:attachment":[{"href":"https:\/\/inces.gob.ve\/index.php\/wp-json\/wp\/v2\/media?parent=10844"}],"curies":[{"name":"wp","href":"https:\/\/api.w.org\/{rel}","templated":true}]}}