{"id":2,"date":"2017-09-05T12:43:54","date_gmt":"2017-09-05T18:43:54","guid":{"rendered":"http:\/\/localhost\/nuevo_portal\/?page_id=2"},"modified":"2020-05-28T20:20:01","modified_gmt":"2020-05-29T00:20:01","slug":"pagina-ejemplo","status":"publish","type":"page","link":"https:\/\/inces.gob.ve\/index.php\/pagina-ejemplo\/","title":{"rendered":"Qui\u00e9nes Somos"},"content":{"rendered":"<div id=\"pl-2\"  class=\"panel-layout\" ><div id=\"pg-2-0\"  class=\"panel-grid panel-no-style\" ><div id=\"pgc-2-0-0\"  class=\"panel-grid-cell\" ><div id=\"panel-2-0-0-0\" class=\"so-panel widget widget_widget_sp_image widget_sp_image panel-first-child panel-last-child\" data-index=\"0\" ><img loading=\"lazy\" decoding=\"async\" width=\"1170\" height=\"91\" class=\"attachment-full\" style=\"max-width: 100%;\" src=\"https:\/\/inces.gob.ve\/wp-content\/uploads\/2017\/09\/quienes_somos_ti.png\" \/><\/div><\/div><\/div><div id=\"pg-2-1\"  class=\"panel-grid panel-no-style\" ><div id=\"pgc-2-1-0\"  class=\"panel-grid-cell\" ><div id=\"panel-2-1-0-0\" class=\"widget_text so-panel widget widget_custom_html panel-first-child panel-last-child\" data-index=\"1\" ><div class=\"textwidget custom-html-widget\"><div class=\"contenedor-menuver\">\n\n<!--a class=\"btn-menuver\" href=\"#\">Menu <i class=\"icono derecha fas fa-bars\"><\/i><\/a-->\n<ul class=\"menuver\">\n \t<li><a href=\"http:\/\/www.inces.gob.ve\/index.php\/historia\/\">Historia<\/a><\/li>\n \t<li><a href=\"http:\/\/www.inces.gob.ve\/index.php\/pagina-ejemplo\/\">\u00bfQui\u00e9nes Somos?<\/a><\/li>\n \t<li><a href=\"http:\/\/www.inces.gob.ve\/index.php\/mision-y-vision\/\" >Misi\u00f3n y Visi\u00f3n<\/a><\/li>\n \t<li><a href=\"http:\/\/www.inces.gob.ve\/index.php\/organizacion\/\">Organizaci\u00f3n<\/a><\/li>\n \t<li><i class=\"icono izquierda fas fa-chevron-down\"><\/i><a href=\"\">Alianzas Estrat\u00e9gicas<\/a>\n<ul>\n \t<li><a href=\"http:\/\/www.inces.gob.ve\/index.php\/retos-institucionales\/\">Retos Intitucionales<\/a><\/li>\n \t<li><a href=\"http:\/\/www.inces.gob.ve\/index.php\/vinculos\/\">V\u00ednculos de Cooperaci\u00f3n<\/a><\/li>\n \t<li><a href=\"http:\/\/www.inces.gob.ve\/index.php\/relaciones-valor\/\">Relaciones de Valor<\/a><\/li>\n<\/ul>\n<\/li>\n<\/ul>\n<\/div><\/div><\/div><\/div><div id=\"pgc-2-1-1\"  class=\"panel-grid-cell\" ><div id=\"panel-2-1-1-0\" class=\"so-panel widget widget_widget_sp_image widget_sp_image panel-first-child panel-last-child\" data-index=\"2\" ><img loading=\"lazy\" decoding=\"async\" width=\"800\" height=\"400\" class=\"attachment-full\" style=\"max-width: 100%;\" src=\"https:\/\/inces.gob.ve\/wp-content\/uploads\/2017\/09\/formacion_quienes.png\" \/><\/div><\/div><\/div><div id=\"pg-2-2\"  class=\"panel-grid panel-no-style\" ><div id=\"pgc-2-2-0\"  class=\"panel-grid-cell panel-grid-cell-empty\" ><\/div><div id=\"pgc-2-2-1\"  class=\"panel-grid-cell\" ><div id=\"panel-2-2-1-0\" class=\"widget_text so-panel widget widget_custom_html panel-first-child panel-last-child\" data-index=\"3\" ><div class=\"textwidget custom-html-widget\">El INCES es un instituto p\u00fablico, con personalidad jur\u00eddica y patrimonio propio, adscrito al Ministerio del Poder Popular para la Educaci\u00f3n, es el ente mediante el cual, el Estado democr\u00e1tico y social de derecho y de justicia, forma integralmente a los trabajadores y a las trabajadoras para su incorporaci\u00f3n consciente al proceso social de trabajo, en funci\u00f3n de la construcci\u00f3n de relaciones de trabajo justas e igualitarias, la producci\u00f3n de bienes y la prestaci\u00f3n de servicios que satisfagan las necesidades del pueblo, la consolidaci\u00f3n de la independencia y el fortalecimiento de la soberan\u00eda econ\u00f3mica del pa\u00eds.<\/div><\/div><\/div><\/div><\/div>","protected":false},"excerpt":{"rendered":"<p>Historia \u00bfQui\u00e9nes Somos? Misi\u00f3n y Visi\u00f3n Organizaci\u00f3n Alianzas Estrat\u00e9gicas Retos Intitucionales V\u00ednculos de Cooperaci\u00f3n Relaciones de Valor El INCES es un instituto p\u00fablico, con personalidad jur\u00eddica y patrimonio propio, adscrito al Ministerio del Poder Popular para la Educaci\u00f3n, es el ente mediante el cual, el Estado democr\u00e1tico y social de derecho y de justicia, forma [&hellip;]<\/p>\n","protected":false},"author":1,"featured_media":0,"parent":0,"menu_order":0,"comment_status":"closed","ping_status":"closed","template":"","meta":{"footnotes":""},"class_list":["post-2","page","type-page","status-publish","hentry"],"_links":{"self":[{"href":"https:\/\/inces.gob.ve\/index.php\/wp-json\/wp\/v2\/pages\/2","targetHints":{"allow":["GET"]}}],"collection":[{"href":"https:\/\/inces.gob.ve\/index.php\/wp-json\/wp\/v2\/pages"}],"about":[{"href":"https:\/\/inces.gob.ve\/index.php\/wp-json\/wp\/v2\/types\/page"}],"author":[{"embeddable":true,"href":"https:\/\/inces.gob.ve\/index.php\/wp-json\/wp\/v2\/users\/1"}],"replies":[{"embeddable":true,"href":"https:\/\/inces.gob.ve\/index.php\/wp-json\/wp\/v2\/comments?post=2"}],"version-history":[{"count":82,"href":"https:\/\/inces.gob.ve\/index.php\/wp-json\/wp\/v2\/pages\/2\/revisions"}],"predecessor-version":[{"id":26284,"href":"https:\/\/inces.gob.ve\/index.php\/wp-json\/wp\/v2\/pages\/2\/revisions\/26284"}],"wp:attachment":[{"href":"https:\/\/inces.gob.ve\/index.php\/wp-json\/wp\/v2\/media?parent=2"}],"curies":[{"name":"wp","href":"https:\/\/api.w.org\/{rel}","templated":true}]}}