{"id":9375,"date":"2017-12-18T09:10:32","date_gmt":"2017-12-18T15:10:32","guid":{"rendered":"http:\/\/10.0.0.41\/nuevo_portal_3\/?page_id=9375"},"modified":"2020-05-28T20:19:04","modified_gmt":"2020-05-29T00:19:04","slug":"formacion-delegada","status":"publish","type":"page","link":"https:\/\/inces.gob.ve\/index.php\/formacion-delegada\/","title":{"rendered":"Formaci\u00f3n Delegada Programa de Deducciones"},"content":{"rendered":"<div id=\"pl-gb9375-69f1033e2e309\"  class=\"panel-layout\" ><div id=\"pg-gb9375-69f1033e2e309-0\"  class=\"panel-grid panel-no-style\" ><div id=\"pgc-gb9375-69f1033e2e309-0-0\"  class=\"panel-grid-cell\" ><div id=\"panel-gb9375-69f1033e2e309-0-0-0\" class=\"so-panel widget widget_media_image panel-first-child panel-last-child\" data-index=\"0\" ><img loading=\"lazy\" decoding=\"async\" width=\"1170\" height=\"91\" src=\"https:\/\/inces.gob.ve\/wp-content\/uploads\/2017\/12\/titulos_formacion_delegada.png\" class=\"image wp-image-11098  attachment-full size-full\" alt=\"\" style=\"max-width: 100%; height: auto;\" srcset=\"https:\/\/inces.gob.ve\/wp-content\/uploads\/2017\/12\/titulos_formacion_delegada.png 1170w, https:\/\/inces.gob.ve\/wp-content\/uploads\/2017\/12\/titulos_formacion_delegada-300x23.png 300w, https:\/\/inces.gob.ve\/wp-content\/uploads\/2017\/12\/titulos_formacion_delegada-768x60.png 768w, https:\/\/inces.gob.ve\/wp-content\/uploads\/2017\/12\/titulos_formacion_delegada-1024x80.png 1024w\" sizes=\"auto, (max-width: 1170px) 100vw, 1170px\" \/><\/div><\/div><\/div><div id=\"pg-gb9375-69f1033e2e309-1\"  class=\"panel-grid panel-no-style\" ><div id=\"pgc-gb9375-69f1033e2e309-1-0\"  class=\"panel-grid-cell\" ><div id=\"panel-gb9375-69f1033e2e309-1-0-0\" class=\"widget_text so-panel widget widget_custom_html panel-first-child panel-last-child\" data-index=\"1\" ><div class=\"textwidget custom-html-widget\"><div class=\"contenedor-menuver\">\n<!--a class=\"btn-menuver\" href=\"#\">Menu <i class=\"icono derecha fas fa-bars\"><\/i><\/a-->\n<ul class=\"menuver\">\n \t<li><i class=\"icono izquierda fas fa-chevron-down\"><\/i><a href=\"\">Programas<\/a>\n\t<ul>\n \t<li><a href=\"http:\/\/www.inces.gob.ve\/index.php\/programa-nacional-de-aprendizaje\/\" target=\"_blank\">Programa Nacional de Aprendizaje<\/a><\/li>\n \t<li><a href=\"http:\/\/www.inces.gob.ve\/index.php\/certificacion-del-conocimiento-2\/\" target=\"_blank\">Certificaci\u00f3n y Acreditaci\u00f3n del Conocimiento<\/a><\/li>\n \t<li><a href=\"http:\/\/www.inces.gob.ve\/index.php\/adiestramiento-en-empresas-2\/\" target=\"_blank\">Adiestramiento en Empresas<\/a><\/li>\n<li><a href=\"http:\/\/www.inces.gob.ve\/index.php\/formacion-delegada\/\" target=\"_blank\">Formaci\u00f3n Delegada<\/a><\/li>\n<li><a href=\"http:\/\/www.inces.gob.ve\/index.php\/programa-nacional-de-emprendimiento\/\" target=\"_blank\"> Programa Nacional de Emprendimiento<\/a><\/li>\n<li><a href=\"http:\/\/www.inces.gob.ve\/index.php\/formacion-de-formadores\/\" target=\"_blank\">Formaci\u00f3n de Formadores<\/a><\/li>\n<li><a href=\"http:\/\/www.inces.gob.ve\/index.php\/programa-inces-militar\/\" target=\"_blank\">Inces Militar<\/a><\/li>\n<li><a href=\"http:\/\/www.inces.gob.ve\/index.php\/bachillerato-productivo\/\" target=\"_blank\">Bachillerato Productivo<\/a><\/li>\n<li><a href=\"http:\/\/www.inces.gob.ve\/index.php\/plan-de-formacion-y-autoformacion-de-trabajadoras-y-trabajadores\/\" target=\"_blank\">Plan Trabajadores<\/a><\/li>\n<li><a href=\"http:\/\/www.inces.gob.ve\/index.php\/programa-de-educacion-especial\/\" target=\"_blank\">Educaci\u00f3n Especial<\/a><\/li>\n<li><a href=\"http:\/\/www.inces.gob.ve\/index.php\/programa-penitenciario\/\" target=\"_blank\">Penitenciario<\/a><\/li>\n<li><a href=\"http:\/\/www.inces.gob.ve\/index.php\/programa-intercultural-bilingue\/\" target=\"_blank\">Intercultural Biling\u00fce<\/a><\/li>\n<li><a href=\"http:\/\/www.inces.gob.ve\/index.php\/formacion-productiva\/\" target=\"_blank\">Formaci\u00f3n Productiva<\/a><\/li>\n<\/ul>\n\t<\/li>\n \t<li><a href=\"http:\/\/www.inces.gob.ve\/index.php\/modalidades\/\">Modalidades<\/a><\/li>\n\t<li><a href=\"http:\/\/www.inces.gob.ve\/index.php\/ambitos\/\">\u00c1mbitos<\/a><\/li>\n<li><a href=\"http:\/\/www.inces.gob.ve\/index.php\/proyectos-especiales\/\">Proyectos Especiales<\/a><\/li>\n <\/ul>\n<\/div><\/div><\/div><\/div><div id=\"pgc-gb9375-69f1033e2e309-1-1\"  class=\"panel-grid-cell\" ><div id=\"panel-gb9375-69f1033e2e309-1-1-0\" class=\"so-panel widget widget_media_image panel-first-child\" data-index=\"2\" ><img loading=\"lazy\" decoding=\"async\" width=\"800\" height=\"400\" src=\"https:\/\/inces.gob.ve\/wp-content\/uploads\/2017\/12\/banners_formacion_delegada.png\" class=\"image wp-image-11484  attachment-full size-full\" alt=\"\" style=\"max-width: 100%; height: auto;\" srcset=\"https:\/\/inces.gob.ve\/wp-content\/uploads\/2017\/12\/banners_formacion_delegada.png 800w, https:\/\/inces.gob.ve\/wp-content\/uploads\/2017\/12\/banners_formacion_delegada-300x150.png 300w, https:\/\/inces.gob.ve\/wp-content\/uploads\/2017\/12\/banners_formacion_delegada-768x384.png 768w\" sizes=\"auto, (max-width: 800px) 100vw, 800px\" \/><\/div><div id=\"panel-gb9375-69f1033e2e309-1-1-1\" class=\"widget_text so-panel widget widget_custom_html\" data-index=\"3\" ><div class=\"textwidget custom-html-widget\"><h3>\n\tPrograma Nacional de Formaci\u00f3n Delegada\n<\/h3>\n<p>\n\tEs un programa que promueve, controla y acompa\u00f1a el aporte del 2% trimestral, de los costos incurridos en la ejecuci\u00f3n del Plan de Formaci\u00f3n y Autoformaci\u00f3n Colectiva de sus trabajadores y trabajadoras, los cuales SE DESCUENTAN las Entidades de Trabajo, previa autorizaci\u00f3n y aprobaci\u00f3n del INCES de conformidad con lo establecido en el art\u00edculo 57 y en concordancia con los art\u00edculos 58, 59, 60 y 61 de la Ley del INCES.\n<\/p>\n<h3>\nObjetivo<\/h3>\n<p>\nAsesorar, supervisar, dirigir, controlar y evaluar la gesti\u00f3n del Programa Nacional de Formaci\u00f3n de Aprendices, Deducciones y Nuevo Modelo de Gesti\u00f3n en las Gerencias Regionales, atendiendo a la ley del Inces, Disposiciones Administrativas, Providencias y dem\u00e1s Resoluciones de car\u00e1cter jur\u00eddico, emitidas por el Consejo Directivo, as\u00ed como lineamientos y pol\u00edticas constitucionales vinculadas a la formaci\u00f3n y autoformaci\u00f3n colectiva, integral, continua y permanente de los adolescentes aprendices, trabajadores y trabajadoras de las entidades de trabajo, y el derecho al incentivo del Descuento de Ley.; as\u00ed como a las comunidades.\t\n<\/p><\/div><\/div><div id=\"panel-gb9375-69f1033e2e309-1-1-2\" class=\"widget_text so-panel widget widget_custom_html\" data-index=\"4\" ><div class=\"textwidget custom-html-widget\"><ul id=\"toggle-view\">\n\t<li>\n\t\t<h3>\u00bfQui\u00e9nes optan al beneficio de la deducci\u00f3n?<\/h3>\n\t\t<span>+<\/span>\n\t\t<div class=\"panel\">\n\t\t\t<p>Las Entidades de Trabajo del sector privado y las empresas del Estado con ingresos propios y autogestionarias, que den ocupaci\u00f3n a cinco o m\u00e1s trabajadoras o trabajadores.<\/p>\n\t\t<\/div>\n\t<\/li>\n\t<li>\n\t\t<h3>Requisitos para optar al beneficio de la deducci\u00f3n <\/h3>\n\t\t<span>+<\/span>\n\t\t<div class=\"panel\">\n\t\t\t<p>1. Consignaci\u00f3n de los Programas de Formaci\u00f3n y Autoformaci\u00f3n Colectiva hasta el 30 de junio del a\u00f1o anterior a su ejecuci\u00f3n, ante la unidad operativa del INCES, del domicilio tributario de la Entidad de Trabajo.\n2. Evaluaci\u00f3n t\u00e9cnica de los Programas de Formaci\u00f3n y Autoformaci\u00f3n Colectiva por parte de la unidad operativa del INCES, y conformaci\u00f3n por la Gerencia General de Formaci\u00f3n Profesional.\n3. Ejecuci\u00f3n de la formaci\u00f3n prevista en los Programas de Formaci\u00f3n y Autoformaci\u00f3n Colectiva.\n4. Verificaci\u00f3n de los costos asociados a la ejecuci\u00f3n de la formaci\u00f3n.\n5. Estar solvente con sus obligaciones tributarias y civil para con el Instituto, conforme al art\u00edculo 52 de la Ley del INCES.\n6. Acatamiento de las normas sobre la materia, aprobadas y publicadas por el Instituto.\n7. Aprobaci\u00f3n del monto a descontar por el Consejo Directivo del Instituto.<\/p>\n\t\t<\/div>\n\t<\/li>\n\t<li>\n\t\t<h3>Costos sujetos a la deducci\u00f3n:<\/h3>\n\t\t<span>+<\/span>\n\t\t<div class=\"panel\">\n\t\t\t<p>Cuando la Formaci\u00f3n se realice a trav\u00e9s del INCES, no ser\u00e1 objeto de descuento de ley, la Entidad de Trabajo cancelar\u00e1 sus aportes correspondientes del 2% trimestral al INCES.\nCuando se realice a trav\u00e9s de las Instancias Organizativas, se reconocer\u00e1 lo siguiente, para efectos de la deducci\u00f3n:\nMatricula, vi\u00e1ticos y transporte. De acuerdo a la normativa interna establecida por el INCES.<\/p>\n\t\t<\/div>\n\t<\/li>\n\t<li>\n\t\t<h3>Actividades formativas no sujetas a descuentos de ley<\/h3>\n\t\t<span>+<\/span>\n\t\t<div class=\"panel\">\n\t\t\t<p>Art\u00edculo 23.- No se considerar\u00e1n para efectos del descuento de ley, los siguientes casos:- Formaci\u00f3n de Aprendices.\n\n    \u2013 Formaci\u00f3n impartida en funci\u00f3n de Selecci\u00f3n, Ingreso e Inducci\u00f3n de  trabajadores, as\u00ed como lineamientos y procedimientos de la organizaci\u00f3n.\n    \u2013 Cursos impartidos por entes que hagan uso indebido del Nombre, Sigla, Emblema, Logotipo y lineamientos o pol\u00edticas del instituto.\n    \u2013 La educaci\u00f3n formal.\n    \u2013 Eventos tales como: conferencias, simposium, seminarios, congresos, foros, jornadas, charlas,  recreativos y los de car\u00e1cter informativo.\n    \u2013 Actividades dirigidas a desarrollar capacidades y habilidades en el \u00e1mbito familiar y personal.\n    \u2013 Cursos en cuyo desarrollo se evidencien deficiencias en perjuicio de la formaci\u00f3n de los trabajadores, tales como fallas en metodolog\u00eda did\u00e1ctica o condiciones f\u00edsicas  ambientales.\n\n<\/p>\n\t\t<\/div>\n\t<\/li>\n\t<\/ul><\/div><\/div><div id=\"panel-gb9375-69f1033e2e309-1-1-3\" class=\"widget_text so-panel widget widget_custom_html\" data-index=\"5\" ><div class=\"textwidget custom-html-widget\"><ul id=\"toggle-view\">\n\t<li>\n\t\t<h3>Programa Nacional Nuevo Modelo de Gesti\u00f3n<\/h3>\n\t\t<span>+<\/span>\n\t\t<div class=\"panel\">\n\t\t\t<p>Promueve la formaci\u00f3n y autoformaci\u00f3n colectiva, integral, continua y permanente de los trabajadores y las trabajadoras en las entidades de trabajo, impulsando la organizaci\u00f3n de los trabajadores en conjunto con el Ministerio del Poder Popular para el Proceso Social de Trabajo, a trav\u00e9s de las mesas de encuentro donde se desarrollen talleres hacia:<\/p>\n\t\t\t<ul>\n\t\t\t\t<li>El autorreconocimiento y reconocimiento de las vivencias cotidianas de las y los sujetos que aprenden y d\u00f3nde ejecutan su proceso social del trabajo.<\/li>\n\t\t\t\t<li>Fomenta la participaci\u00f3n y el protagonismo desde lo que se vive y de c\u00f3mo se organizan desde el espacio laboral productivo.<\/li>\n\t\t\t\t<li>Impartir la formaci\u00f3n docente del Incs a los potenciales conocedores trabajadores y trabajadoras que se incorporen como facilitador, para impulsar la formaci\u00f3n y autoformaci\u00f3n colectiva integral, continua y permanente en la entidad de trabajo.<\/li>\n\t\t\t\t<li>Impartir cursos y talleres a los trabajadores y trabajadoras en cada uno de los eslabones de la cadena productiva: materia prima, producci\u00f3n, distribuci\u00f3n, log\u00edstica y comercializaci\u00f3n, prosumidores y consumidores orientado hacia la producci\u00f3n socialista, en los distintos niveles de las instancias organizativas, p\u00fablicas o privadas:<\/li>\n\t\t\t<\/ul>\n\t\t\t<p> \u00bfD\u00f3nde nos encontramos?<\/p>\n       \u2013 Entidades de trabajo\n    <br> \u2013 Centro de Formaci\u00f3n Socialista\n    <br> \u2013 Comunidad\n\t\t<\/div>\n\t<\/li>\n\t<li>\n\t\t<h3>Convenios y Alianzas<\/h3>\n\t\t<span>+<\/span>\n\t\t<div class=\"panel\">\n\t\t\t<p>El Inces y la Comisi\u00f3n Presidencial de Empresas Recuperadas, Ocupadas y Nacionalizadas realizar\u00e1n acciones conjuntas y coordinadas para fortalecer al sector productivo en Venezuela, conforme a las pol\u00edticas y lineamientos emanados del Ejecutivo Nacional con base en la ejecuci\u00f3n de Programas, Planes de Formaci\u00f3n y Capacitaci\u00f3n y Certificaci\u00f3n y Acreditaci\u00f3n de saberes acad\u00e9micos y emp\u00edricos en las \u00e1reas de desarrollo priorizadas: Tecnolog\u00eda, Industria, Agr\u00edcola, Hidrocarburos, Turismo, Comercio y Servicios, Construcci\u00f3n y Comunicaciones.<\/p>\n\t\t<\/div>\n\t<\/li>\n\t<li>\n\t\t<h3>Plan de Formaci\u00f3n y Autoformaci\u00f3n<\/h3>\n\t\t<span>+<\/span>\n\t\t<div class=\"panel\">\n\t\t\t<p>Objetivo<\/p>\n\t\t\tDise\u00f1ar y elaborar un Plan de Formaci\u00f3n y Capacitaci\u00f3n Integral, que permita a todos los sujetos beneficiarios, y con base a las necesidades reales de las plantas, f\u00e1bricas y empresas del Sistema de Empresas Ocupadas, Recuperadas y Nacionalizadas, abordar, de manera sistem\u00e1tica y programada, la formaci\u00f3n de los j\u00f3venes y trabajadores, reconociendo las l\u00edneas de desarrollo estrat\u00e9gico, la capacidad instalada y la demanda formativa.<br>\nLa poblaci\u00f3n objeto ser\u00e1 cien mil (100.000) sujetos de aprendizaje entre j\u00f3venes y trabajadores de las plantas, f\u00e1bricas y empresas del Sistema de Empresas Ronca.\n\t\t<\/div>\n\t<\/li>\n\t\t\t<\/ul><\/div><\/div><div id=\"panel-gb9375-69f1033e2e309-1-1-4\" class=\"widget_text so-panel widget widget_custom_html panel-last-child\" data-index=\"6\" ><div class=\"textwidget custom-html-widget\"><h1>\n\t\n<a href=\"http:\/\/www.inces.gob.ve\/index.php\/redi\/\">Si deseas ser aprendiz inces, debes dirigirte con todos los requisitos al CFS m\u00e1s cercano a su domicilio. <\/a><\/h1><\/div><\/div><\/div><\/div><\/div>","protected":false},"excerpt":{"rendered":"","protected":false},"author":1,"featured_media":0,"parent":0,"menu_order":0,"comment_status":"closed","ping_status":"closed","template":"","meta":{"footnotes":""},"class_list":["post-9375","page","type-page","status-publish","hentry"],"_links":{"self":[{"href":"https:\/\/inces.gob.ve\/index.php\/wp-json\/wp\/v2\/pages\/9375","targetHints":{"allow":["GET"]}}],"collection":[{"href":"https:\/\/inces.gob.ve\/index.php\/wp-json\/wp\/v2\/pages"}],"about":[{"href":"https:\/\/inces.gob.ve\/index.php\/wp-json\/wp\/v2\/types\/page"}],"author":[{"embeddable":true,"href":"https:\/\/inces.gob.ve\/index.php\/wp-json\/wp\/v2\/users\/1"}],"replies":[{"embeddable":true,"href":"https:\/\/inces.gob.ve\/index.php\/wp-json\/wp\/v2\/comments?post=9375"}],"version-history":[{"count":37,"href":"https:\/\/inces.gob.ve\/index.php\/wp-json\/wp\/v2\/pages\/9375\/revisions"}],"predecessor-version":[{"id":28326,"href":"https:\/\/inces.gob.ve\/index.php\/wp-json\/wp\/v2\/pages\/9375\/revisions\/28326"}],"wp:attachment":[{"href":"https:\/\/inces.gob.ve\/index.php\/wp-json\/wp\/v2\/media?parent=9375"}],"curies":[{"name":"wp","href":"https:\/\/api.w.org\/{rel}","templated":true}]}}